{"id":359,"date":"2017-11-08T11:55:07","date_gmt":"2017-11-08T11:55:07","guid":{"rendered":"http:\/\/bridge106.qodeinteractive.com\/?page_id=4"},"modified":"2021-09-17T10:22:47","modified_gmt":"2021-09-17T13:22:47","slug":"home","status":"publish","type":"page","link":"https:\/\/sominus.com.br\/apneia-dradenise\/","title":{"rendered":"Home"},"content":{"rendered":"<p>[vc_row css_animation=&#8221;&#8221; row_type=&#8221;row&#8221; use_row_as_full_screen_section=&#8221;no&#8221; type=&#8221;full_width&#8221; angled_section=&#8221;no&#8221; text_align=&#8221;left&#8221; background_image_as_pattern=&#8221;without_pattern&#8221;][vc_column offset=&#8221;vc_hidden-lg vc_hidden-md vc_hidden-sm&#8221;][vc_row_inner row_type=&#8221;row&#8221; type=&#8221;grid&#8221; text_align=&#8221;center&#8221; css_animation=&#8221;&#8221;][vc_column_inner][vc_empty_space height=&#8221;52px&#8221;][vc_single_image image=&#8221;911&#8243; img_size=&#8221;full&#8221; qode_css_animation=&#8221;&#8221;][vc_empty_space][vc_single_image image=&#8221;704&#8243; img_size=&#8221;full&#8221; qode_css_animation=&#8221;&#8221;][vc_empty_space][vc_single_image image=&#8221;912&#8243; img_size=&#8221;full&#8221; qode_css_animation=&#8221;&#8221;][vc_empty_space]\n\n\t<a href=\"#garantirvaga\" target=\"_self\" style=\"color: #ffffff;background-color: #002859;font-size: 16px;font-weight: 700\" class=\"qode-btn qode-btn-medium qode-btn-solid qode-btn-custom-hover-bg qode-btn-default-hover\" data-hover-bg-color=\"#c9a983\" >\n\t    <span class=\"qode-btn-text\">Quero me livrar do Ronco e da Apneia do Sono!<\/span>\t<\/a>\n\n[vc_empty_space][vc_single_image image=&#8221;915&#8243; img_size=&#8221;full&#8221; qode_css_animation=&#8221;&#8221;][vc_empty_space][\/vc_column_inner][\/vc_row_inner][\/vc_column][\/vc_row][vc_row css_animation=&#8221;&#8221; row_type=&#8221;row&#8221; use_row_as_full_screen_section=&#8221;no&#8221; type=&#8221;full_width&#8221; angled_section=&#8221;no&#8221; text_align=&#8221;left&#8221; background_image_as_pattern=&#8221;without_pattern&#8221;][vc_column offset=&#8221;vc_hidden-md vc_hidden-sm vc_hidden-xs&#8221; css=&#8221;.vc_custom_1627314116813{padding-bottom: 60px !important;background-image: url(http:\/\/sominus.com.br\/apneia-dradenise\/wp-content\/uploads\/2021\/07\/BANNER-HOME-4.jpg?id=722) !important;}&#8221;][vc_empty_space height=&#8221;170px&#8221;][vc_row_inner row_type=&#8221;row&#8221; type=&#8221;grid&#8221; text_align=&#8221;left&#8221; css_animation=&#8221;&#8221;][vc_column_inner width=&#8221;1\/2&#8243;][vc_single_image image=&#8221;913&#8243; img_size=&#8221;full&#8221; qode_css_animation=&#8221;&#8221;][vc_empty_space height=&#8221;12px&#8221;][vc_empty_space][vc_single_image image=&#8221;731&#8243; img_size=&#8221;full&#8221; qode_css_animation=&#8221;&#8221;][vc_empty_space height=&#8221;12px&#8221;][vc_empty_space][vc_single_image image=&#8221;914&#8243; img_size=&#8221;full&#8221; qode_css_animation=&#8221;&#8221;][vc_empty_space height=&#8221;42px&#8221;]<a  itemprop=\"url\" href=\"#garantirvaga\" target=\"_self\" data-hover-background-color=#cba884 data-hover-border-color=#cba884 data-hover-color=#ffffff class=\"qbutton  large center default\" style=\"color: #ffffff; border-color: #002859; background-color: #002859;\">Quero me livrar do Ronco e da Apneia do Sono!<i class=\"qode_icon_font_awesome fa fa-heart qode_button_icon_element\" style=\"\" ><\/i><\/a>[vc_empty_space][\/vc_column_inner][vc_column_inner width=&#8221;1\/2&#8243;][vc_single_image image=&#8221;915&#8243; img_size=&#8221;full&#8221; qode_css_animation=&#8221;&#8221;][\/vc_column_inner][\/vc_row_inner][\/vc_column][\/vc_row][vc_row css_animation=&#8221;&#8221; row_type=&#8221;row&#8221; use_row_as_full_screen_section=&#8221;no&#8221; type=&#8221;grid&#8221; angled_section=&#8221;no&#8221; text_align=&#8221;left&#8221; background_image_as_pattern=&#8221;without_pattern&#8221; z_index=&#8221;&#8221;][vc_column offset=&#8221;vc_hidden-lg&#8221;][vc_row_inner row_type=&#8221;row&#8221; type=&#8221;full_width&#8221; text_align=&#8221;left&#8221; css_animation=&#8221;&#8221; css=&#8221;.vc_custom_1626117784140{padding-top: 40px !important;padding-bottom: 40px !important;}&#8221;][vc_column_inner][vc_column_text]<\/p>\n<h5 style=\"text-align: center;\"><span style=\"color: #262626;\">Nesses 20 anos de experi\u00eancia em otorrinolaringologia e medicina do sono, eu j\u00e1 recebi em meu consult\u00f3rio milhares de homens COMO VOC\u00ca que sofriam com ronco e Apneia do Sono&#8230;<\/span><\/h5>\n<p>&nbsp;<\/p>\n<h5 style=\"text-align: center;\"><span style=\"color: #262626;\">E \u00e9 muito comum ouvir esse tipo de reclama\u00e7\u00e3o:<\/span><\/h5>\n<p>[\/vc_column_text][vc_empty_space height=&#8221;26px&#8221;][\/vc_column_inner][\/vc_row_inner][\/vc_column][\/vc_row][vc_row css_animation=&#8221;&#8221; row_type=&#8221;row&#8221; use_row_as_full_screen_section=&#8221;no&#8221; type=&#8221;grid&#8221; angled_section=&#8221;no&#8221; text_align=&#8221;left&#8221; background_image_as_pattern=&#8221;without_pattern&#8221; z_index=&#8221;&#8221;][vc_column offset=&#8221;vc_hidden-md vc_hidden-sm vc_hidden-xs&#8221;][vc_row_inner row_type=&#8221;row&#8221; type=&#8221;full_width&#8221; text_align=&#8221;left&#8221; css_animation=&#8221;&#8221; css=&#8221;.vc_custom_1626117607211{padding-top: 100px !important;padding-bottom: 100px !important;}&#8221;][vc_column_inner][vc_column_text]<\/p>\n<h5 style=\"text-align: center;\"><span style=\"color: #262626;\">Nesses 20 anos de experi\u00eancia em otorrinolaringologia e medicina do sono, eu j\u00e1 recebi em meu consult\u00f3rio milhares de homens COMO VOC\u00ca que sofriam com ronco e Apneia do Sono&#8230;<\/span><\/h5>\n<p>&nbsp;<\/p>\n<h5 style=\"text-align: center;\"><span style=\"color: #262626;\">E \u00e9 muito comum ouvir esse tipo de reclama\u00e7\u00e3o:<\/span><\/h5>\n<p>[\/vc_column_text][vc_empty_space height=&#8221;26px&#8221;][\/vc_column_inner][\/vc_row_inner][\/vc_column][\/vc_row][vc_row css_animation=&#8221;&#8221; row_type=&#8221;row&#8221; use_row_as_full_screen_section=&#8221;no&#8221; type=&#8221;full_width&#8221; angled_section=&#8221;no&#8221; text_align=&#8221;left&#8221; background_image_as_pattern=&#8221;without_pattern&#8221;][vc_column offset=&#8221;vc_hidden-md vc_hidden-sm vc_hidden-xs&#8221;][vc_row_inner row_type=&#8221;row&#8221; type=&#8221;grid&#8221; text_align=&#8221;left&#8221; css_animation=&#8221;&#8221;][vc_column_inner width=&#8221;1\/3&#8243;]<div class='q_icon_with_title medium custom_icon_image '><div class=\"icon_holder \" style=\" \"><img decoding=\"async\" itemprop=\"image\" style=\"\" src=\"https:\/\/sominus.com.br\/apneia-dradenise\/wp-content\/uploads\/2021\/05\/ICONE.png\" alt=\"\"><\/div><div class=\"icon_text_holder\" style=\"\"><div class=\"icon_text_inner\" style=\"\"><h6 class=\"icon_title\" style=\"font-weight: 600;\">Tenho receio de ter rela\u00e7\u00e3o sexual com a minha esposa.<\/h6><p style=''>Minha vida sexual anda muito ruim, porque de uns tempos pra c\u00e1, sempre que tento eu n\u00e3o consigo ter ere\u00e7\u00e3o ou mant\u00ea-la como antigamente. Estou com muito medo de perder minha esposa ou de ser tra\u00eddo por n\u00e3o estar mais a satisfazendo. Isso \u00e9 muito frustrante e esta me consumindo psicologicamente...<\/p><\/div><\/div><\/div>[\/vc_column_inner][vc_column_inner width=&#8221;1\/3&#8243;]<div class='q_icon_with_title medium custom_icon_image '><div class=\"icon_holder \" style=\" \"><img decoding=\"async\" itemprop=\"image\" style=\"\" src=\"https:\/\/sominus.com.br\/apneia-dradenise\/wp-content\/uploads\/2021\/05\/ICONE.png\" alt=\"\"><\/div><div class=\"icon_text_holder\" style=\"\"><div class=\"icon_text_inner\" style=\"\"><h6 class=\"icon_title\" style=\"font-weight: 600;\">Dra Denise, eu acordo com meu pr\u00f3prio ronco.<\/h6><p style=''>Eu n\u00e3o fumo, tamb\u00e9m n\u00e3o bebo, por\u00e9m ronco muito! Acordo com meu pr\u00f3prio ronco...<\/p><\/div><\/div><\/div>[\/vc_column_inner][vc_column_inner width=&#8221;1\/3&#8243;]<div class='q_icon_with_title medium custom_icon_image '><div class=\"icon_holder \" style=\" \"><img decoding=\"async\" itemprop=\"image\" style=\"\" src=\"https:\/\/sominus.com.br\/apneia-dradenise\/wp-content\/uploads\/2021\/05\/ICONE.png\" alt=\"\"><\/div><div class=\"icon_text_holder\" style=\"\"><div class=\"icon_text_inner\" style=\"\"><h6 class=\"icon_title\" style=\"font-weight: 600;\">Dra Denise, minha esposa n\u00e3o quer mais estar ao meu lado.<\/h6><p style=''>Minha esposa me fala praticamente todos os dias que sente vontade de se divorciar, pois n\u00e3o dorme mais e vive estressada o dia todo. Ela colocou um sof\u00e1-cama na sala e n\u00e3o dormimos mais juntos...<\/p><\/div><\/div><\/div>[\/vc_column_inner][\/vc_row_inner][vc_empty_space height=&#8221;70px&#8221;][vc_row_inner row_type=&#8221;row&#8221; type=&#8221;grid&#8221; text_align=&#8221;left&#8221; css_animation=&#8221;&#8221;][vc_column_inner width=&#8221;1\/3&#8243;]<div class='q_icon_with_title medium custom_icon_image '><div class=\"icon_holder \" style=\" \"><img decoding=\"async\" itemprop=\"image\" style=\"\" src=\"https:\/\/sominus.com.br\/apneia-dradenise\/wp-content\/uploads\/2021\/05\/ICONE.png\" alt=\"\"><\/div><div class=\"icon_text_holder\" style=\"\"><div class=\"icon_text_inner\" style=\"\"><h6 class=\"icon_title\" style=\"font-weight: 600;\">Dra Denise, eu tenho vergonha do meu ronco.<\/h6><p style=''>Eu tenho vergonha de dormir com visitas na minha casa<\/p><\/div><\/div><\/div>[\/vc_column_inner][vc_column_inner width=&#8221;1\/3&#8243;]<div class='q_icon_with_title medium custom_icon_image '><div class=\"icon_holder \" style=\" \"><img decoding=\"async\" itemprop=\"image\" style=\"\" src=\"https:\/\/sominus.com.br\/apneia-dradenise\/wp-content\/uploads\/2021\/05\/ICONE.png\" alt=\"\"><\/div><div class=\"icon_text_holder\" style=\"\"><div class=\"icon_text_inner\" style=\"\"><h6 class=\"icon_title\" style=\"font-weight: 600;\">Dra Denise, sinto que paro de respirar durante a noite e tenho sono em excesso.<\/h6><p style=''>Depois que eu ganhei peso, ronco muito durante a noite, sinto que at\u00e9 paro de respirar, e fico exausto o dia todo. Onde eu encosto me da vontade de dormir, \u00e9 horr\u00edvel...<\/p><\/div><\/div><\/div>[\/vc_column_inner][vc_column_inner width=&#8221;1\/3&#8243;]<div class='q_icon_with_title medium custom_icon_image '><div class=\"icon_holder \" style=\" \"><img decoding=\"async\" itemprop=\"image\" style=\"\" src=\"https:\/\/sominus.com.br\/apneia-dradenise\/wp-content\/uploads\/2021\/05\/ICONE.png\" alt=\"\"><\/div><div class=\"icon_text_holder\" style=\"\"><div class=\"icon_text_inner\" style=\"\"><h6 class=\"icon_title\" style=\"font-weight: 600;\">Dra Denise, estou com medo de dormir no volante.<\/h6><p style=''>Diversas vezes eu me pego quase dormindo no volante. \u00c9 um sono incontrol\u00e1vel e estou ficando preocupado com isso, pois pego muita estrada...<\/p><\/div><\/div><\/div>[\/vc_column_inner][\/vc_row_inner][\/vc_column][\/vc_row][vc_row css_animation=&#8221;&#8221; row_type=&#8221;row&#8221; use_row_as_full_screen_section=&#8221;no&#8221; type=&#8221;full_width&#8221; angled_section=&#8221;no&#8221; text_align=&#8221;left&#8221; background_image_as_pattern=&#8221;without_pattern&#8221;][vc_column offset=&#8221;vc_hidden-lg&#8221;][vc_row_inner row_type=&#8221;row&#8221; type=&#8221;grid&#8221; text_align=&#8221;left&#8221; css_animation=&#8221;&#8221;][vc_column_inner]<div class='q_icon_with_title medium custom_icon_image '><div class=\"icon_holder \" style=\" \"><img decoding=\"async\" itemprop=\"image\" style=\"\" src=\"https:\/\/sominus.com.br\/apneia-dradenise\/wp-content\/uploads\/2021\/05\/ICONE.png\" alt=\"\"><\/div><div class=\"icon_text_holder\" style=\"\"><div class=\"icon_text_inner\" style=\"\"><h6 class=\"icon_title\" style=\"font-weight: 600;\">Tenho receio de ter rela\u00e7\u00e3o sexual com a minha esposa.<\/h6><p style=''>Minha vida sexual anda muito ruim, porque de uns tempos pra c\u00e1, sempre que tento eu n\u00e3o consigo ter ere\u00e7\u00e3o ou mant\u00ea-la como antigamente. Estou com muito medo de perder minha esposa ou de ser tra\u00eddo por n\u00e3o estar mais a satisfazendo. Isso \u00e9 muito frustrante e esta me consumindo psicologicamente...<\/p><\/div><\/div><\/div>[vc_empty_space]<div class='q_icon_with_title medium custom_icon_image '><div class=\"icon_holder \" style=\" \"><img decoding=\"async\" itemprop=\"image\" style=\"\" src=\"https:\/\/sominus.com.br\/apneia-dradenise\/wp-content\/uploads\/2021\/05\/ICONE.png\" alt=\"\"><\/div><div class=\"icon_text_holder\" style=\"\"><div class=\"icon_text_inner\" style=\"\"><h6 class=\"icon_title\" style=\"font-weight: 600;\">Dra Denise, eu acordo com meu pr\u00f3prio ronco.<\/h6><p style=''>Eu n\u00e3o fumo, tamb\u00e9m n\u00e3o bebo, por\u00e9m ronco muito! Acordo com meu pr\u00f3prio ronco...<\/p><\/div><\/div><\/div>[vc_empty_space]<div class='q_icon_with_title medium custom_icon_image '><div class=\"icon_holder \" style=\" \"><img decoding=\"async\" itemprop=\"image\" style=\"\" src=\"https:\/\/sominus.com.br\/apneia-dradenise\/wp-content\/uploads\/2021\/05\/ICONE.png\" alt=\"\"><\/div><div class=\"icon_text_holder\" style=\"\"><div class=\"icon_text_inner\" style=\"\"><h6 class=\"icon_title\" style=\"font-weight: 600;\">Dra Denise, minha esposa n\u00e3o quer mais estar ao meu lado.<\/h6><p style=''>Minha esposa me fala praticamente todos os dias que sente vontade de se divorciar, pois n\u00e3o dorme mais e vive estressada o dia todo. Ela colocou um sof\u00e1-cama na sala e n\u00e3o dormimos mais juntos...<\/p><\/div><\/div><\/div>[vc_empty_space]<div class='q_icon_with_title medium custom_icon_image '><div class=\"icon_holder \" style=\" \"><img decoding=\"async\" itemprop=\"image\" style=\"\" src=\"https:\/\/sominus.com.br\/apneia-dradenise\/wp-content\/uploads\/2021\/05\/ICONE.png\" alt=\"\"><\/div><div class=\"icon_text_holder\" style=\"\"><div class=\"icon_text_inner\" style=\"\"><h6 class=\"icon_title\" style=\"font-weight: 600;\">Dra Denise, eu tenho vergonha do meu ronco.<\/h6><p style=''>Eu tenho vergonha de dormir com visitas na minha casa<\/p><\/div><\/div><\/div>[vc_empty_space]<div class='q_icon_with_title medium custom_icon_image '><div class=\"icon_holder \" style=\" \"><img decoding=\"async\" itemprop=\"image\" style=\"\" src=\"https:\/\/sominus.com.br\/apneia-dradenise\/wp-content\/uploads\/2021\/05\/ICONE.png\" alt=\"\"><\/div><div class=\"icon_text_holder\" style=\"\"><div class=\"icon_text_inner\" style=\"\"><h6 class=\"icon_title\" style=\"font-weight: 600;\">Dra Denise, sinto que paro de respirar durante a noite e tenho sono em excesso.<\/h6><p style=''>Depois que eu ganhei peso, ronco muito durante a noite, sinto que at\u00e9 paro de respirar, e fico exausto o dia todo. Onde eu encosto me da vontade de dormir, \u00e9 horr\u00edvel...<\/p><\/div><\/div><\/div>[vc_empty_space]<div class='q_icon_with_title medium custom_icon_image '><div class=\"icon_holder \" style=\" \"><img decoding=\"async\" itemprop=\"image\" style=\"\" src=\"https:\/\/sominus.com.br\/apneia-dradenise\/wp-content\/uploads\/2021\/05\/ICONE.png\" alt=\"\"><\/div><div class=\"icon_text_holder\" style=\"\"><div class=\"icon_text_inner\" style=\"\"><h6 class=\"icon_title\" style=\"font-weight: 600;\">Dra Denise, estou com medo de dormir no volante.<\/h6><p style=''>Diversas vezes eu me pego quase dormindo no volante. \u00c9 um sono incontrol\u00e1vel e estou ficando preocupado com isso, pois pego muita estrada...<\/p><\/div><\/div><\/div>[\/vc_column_inner][\/vc_row_inner][\/vc_column][\/vc_row][vc_row css_animation=&#8221;&#8221; row_type=&#8221;row&#8221; use_row_as_full_screen_section=&#8221;no&#8221; type=&#8221;full_width&#8221; angled_section=&#8221;no&#8221; text_align=&#8221;left&#8221; background_image_as_pattern=&#8221;without_pattern&#8221;][vc_column][vc_empty_space height=&#8221;70px&#8221;][\/vc_column][\/vc_row][vc_row css_animation=&#8221;&#8221; row_type=&#8221;row&#8221; use_row_as_full_screen_section=&#8221;no&#8221; type=&#8221;grid&#8221; angled_section=&#8221;no&#8221; text_align=&#8221;left&#8221; background_image_as_pattern=&#8221;without_pattern&#8221; z_index=&#8221;&#8221;][vc_column offset=&#8221;vc_hidden-lg&#8221;][vc_row_inner row_type=&#8221;row&#8221; type=&#8221;full_width&#8221; text_align=&#8221;left&#8221; css_animation=&#8221;&#8221;][vc_column_inner offset=&#8221;vc_col-lg-offset-0 vc_col-lg-12&#8243;][vc_column_text]<\/p>\n<h3 style=\"text-align: center;\">N\u00e3o tratar a APNEIA DO SONO pode ser mais perigoso do que voc\u00ea imagina<\/h3>\n<p>[\/vc_column_text][vc_empty_space height=&#8221;26px&#8221;][vc_column_text]<\/p>\n<h6 style=\"text-align: center;\"><span style=\"color: #002859;\">Um problema grave, \u00e9 que grande parte dos HOMENS demoram muito para buscar ajuda, e tentam se acostumar a conviver com esse problema achando que \u00e9 normal.<\/span><\/h6>\n<p>&nbsp;<\/p>\n<h6 style=\"text-align: center;\"><em><strong><span style=\"color: #002859;\">A quest\u00e3o \u00e9, que essa \u00e9 uma doen\u00e7a silenciosa cuja tend\u00eancia \u00e9 se agravar com o passar dos anos. Causando:<\/span><\/strong><\/em><\/h6>\n<p>[\/vc_column_text][\/vc_column_inner][\/vc_row_inner][\/vc_column][\/vc_row][vc_row css_animation=&#8221;&#8221; row_type=&#8221;row&#8221; use_row_as_full_screen_section=&#8221;no&#8221; type=&#8221;grid&#8221; angled_section=&#8221;no&#8221; text_align=&#8221;left&#8221; background_image_as_pattern=&#8221;without_pattern&#8221; z_index=&#8221;&#8221;][vc_column offset=&#8221;vc_hidden-md vc_hidden-sm vc_hidden-xs&#8221;][vc_row_inner row_type=&#8221;row&#8221; type=&#8221;full_width&#8221; text_align=&#8221;left&#8221; css_animation=&#8221;&#8221; css=&#8221;.vc_custom_1624390597999{padding-top: 55px !important;}&#8221;][vc_column_inner offset=&#8221;vc_col-lg-offset-0 vc_col-lg-12&#8243;][vc_column_text]<\/p>\n<h3 style=\"text-align: center;\">N\u00e3o tratar a APNEIA DO SONO pode ser mais perigoso do que voc\u00ea imagina<\/h3>\n<p>[\/vc_column_text][vc_empty_space height=&#8221;26px&#8221;][vc_column_text]<\/p>\n<h6 style=\"text-align: center;\"><span style=\"color: #002859;\">Um problema grave, \u00e9 que grande parte dos HOMENS demoram muito para buscar ajuda, e tentam se acostumar a conviver com esse problema achando que \u00e9 normal.<\/span><\/h6>\n<h6 style=\"text-align: center;\"><em><strong><span style=\"color: #002859;\">A quest\u00e3o \u00e9, que essa \u00e9 uma doen\u00e7a silenciosa cuja tend\u00eancia \u00e9 se agravar com o passar dos anos. Causando:<\/span><\/strong><\/em><\/h6>\n<p>[\/vc_column_text][\/vc_column_inner][\/vc_row_inner][\/vc_column][\/vc_row][vc_row css_animation=&#8221;&#8221; row_type=&#8221;row&#8221; use_row_as_full_screen_section=&#8221;no&#8221; type=&#8221;full_width&#8221; angled_section=&#8221;no&#8221; text_align=&#8221;left&#8221; background_image_as_pattern=&#8221;without_pattern&#8221;][vc_column offset=&#8221;vc_hidden-lg&#8221;][vc_row_inner row_type=&#8221;row&#8221; type=&#8221;grid&#8221; text_align=&#8221;left&#8221; css_animation=&#8221;&#8221; css=&#8221;.vc_custom_1626118365628{padding-top: 30px !important;}&#8221;][vc_column_inner offset=&#8221;vc_col-lg-3 vc_col-md-6&#8243;]<div class='q_icon_with_title very_large custom_icon_image center '><div class=\"icon_holder \" style=\"margin: 0 0 8px 0; \"><img decoding=\"async\" itemprop=\"image\" style=\"margin: 0 0 8px 0;\" src=\"https:\/\/sominus.com.br\/apneia-dradenise\/wp-content\/uploads\/2021\/08\/IMPOTENCIA-SEXUAL-teste-4.png\" alt=\"\"><\/div><div class=\"icon_text_holder\" style=\"\"><div class=\"icon_text_inner\" style=\"\"><h4 class=\"icon_title\" style=\"\">Impot\u00eancia sexual e fim do seu relacionamento<\/h4><p style=''><\/p><\/div><\/div><\/div>[vc_empty_space height=&#8221;18px&#8221;]<div class='q_icon_with_title very_large custom_icon_image center '><div class=\"icon_holder \" style=\"margin: 0 0 8px 0; \"><img decoding=\"async\" itemprop=\"image\" style=\"margin: 0 0 8px 0;\" src=\"https:\/\/sominus.com.br\/apneia-dradenise\/wp-content\/uploads\/2021\/07\/DERRAME.png\" alt=\"\"><\/div><div class=\"icon_text_holder\" style=\"\"><div class=\"icon_text_inner\" style=\"\"><h4 class=\"icon_title\" style=\"\">Derrames<\/h4><p style=''><\/p><\/div><\/div><\/div>[\/vc_column_inner][vc_column_inner offset=&#8221;vc_col-lg-3 vc_col-md-6&#8243;]<div class='q_icon_with_title very_large custom_icon_image center '><div class=\"icon_holder \" style=\"margin: 0 0 8px 0; \"><img decoding=\"async\" itemprop=\"image\" style=\"margin: 0 0 8px 0;\" src=\"https:\/\/sominus.com.br\/apneia-dradenise\/wp-content\/uploads\/2021\/07\/ANSIEDADE-E-DEPRESSAO.png\" alt=\"\"><\/div><div class=\"icon_text_holder\" style=\"\"><div class=\"icon_text_inner\" style=\"\"><h4 class=\"icon_title\" style=\"\">Depress\u00e3o e Ansiedade<\/h4><p style=''><\/p><\/div><\/div><\/div>[vc_empty_space]<div class='q_icon_with_title very_large custom_icon_image center '><div class=\"icon_holder \" style=\"margin: 0 0 8px 0; \"><img decoding=\"async\" itemprop=\"image\" style=\"margin: 0 0 8px 0;\" src=\"https:\/\/sominus.com.br\/apneia-dradenise\/wp-content\/uploads\/2021\/07\/CANSACO.png\" alt=\"\"><\/div><div class=\"icon_text_holder\" style=\"\"><div class=\"icon_text_inner\" style=\"\"><h4 class=\"icon_title\" style=\"\">Sonol\u00eancia e cansa\u00e7o excessivo<\/h4><p style=''><\/p><\/div><\/div><\/div>[\/vc_column_inner][vc_column_inner offset=&#8221;vc_col-lg-3 vc_col-md-6&#8243;]<div class='q_icon_with_title very_large custom_icon_image center '><div class=\"icon_holder \" style=\"margin: 0 0 8px 0; \"><img decoding=\"async\" itemprop=\"image\" style=\"margin: 0 0 8px 0;\" src=\"https:\/\/sominus.com.br\/apneia-dradenise\/wp-content\/uploads\/2021\/06\/DOENCAS-NO-CORACAO.png\" alt=\"\"><\/div><div class=\"icon_text_holder\" style=\"\"><div class=\"icon_text_inner\" style=\"\"><h4 class=\"icon_title\" style=\"\">Doen\u00e7as no cora\u00e7\u00e3o<\/h4><p style=''><\/p><\/div><\/div><\/div>[vc_empty_space]<div class='q_icon_with_title very_large custom_icon_image center '><div class=\"icon_holder \" style=\"margin: 0 0 8px 0; \"><img decoding=\"async\" itemprop=\"image\" style=\"margin: 0 0 8px 0;\" src=\"https:\/\/sominus.com.br\/apneia-dradenise\/wp-content\/uploads\/2021\/07\/OBESIDADE.png\" alt=\"\"><\/div><div class=\"icon_text_holder\" style=\"\"><div class=\"icon_text_inner\" style=\"\"><h4 class=\"icon_title\" style=\"\">Obesidade<\/h4><p style=''><\/p><\/div><\/div><\/div>[\/vc_column_inner][vc_column_inner offset=&#8221;vc_col-lg-3 vc_col-md-6&#8243;]<div class='q_icon_with_title very_large custom_icon_image center '><div class=\"icon_holder \" style=\"margin: 0 0 8px 0; \"><img decoding=\"async\" itemprop=\"image\" style=\"margin: 0 0 8px 0;\" src=\"https:\/\/sominus.com.br\/apneia-dradenise\/wp-content\/uploads\/2021\/06\/DIABETES.png\" alt=\"\"><\/div><div class=\"icon_text_holder\" style=\"\"><div class=\"icon_text_inner\" style=\"\"><h4 class=\"icon_title\" style=\"\">Diabetes<\/h4><p style=''><\/p><\/div><\/div><\/div>[vc_empty_space]<div class='q_icon_with_title very_large custom_icon_image center '><div class=\"icon_holder \" style=\"margin: 0 0 8px 0; \"><img decoding=\"async\" itemprop=\"image\" style=\"margin: 0 0 8px 0;\" src=\"https:\/\/sominus.com.br\/apneia-dradenise\/wp-content\/uploads\/2021\/07\/ACIDENTES.png\" alt=\"\"><\/div><div class=\"icon_text_holder\" style=\"\"><div class=\"icon_text_inner\" style=\"\"><h4 class=\"icon_title\" style=\"\">Acidentes de Tr\u00e2nsito e do Trabalho<\/h4><p style=''><\/p><\/div><\/div><\/div>[\/vc_column_inner][\/vc_row_inner][\/vc_column][\/vc_row][vc_row css_animation=&#8221;&#8221; row_type=&#8221;row&#8221; use_row_as_full_screen_section=&#8221;no&#8221; type=&#8221;full_width&#8221; angled_section=&#8221;no&#8221; text_align=&#8221;left&#8221; background_image_as_pattern=&#8221;without_pattern&#8221;][vc_column offset=&#8221;vc_hidden-md vc_hidden-sm vc_hidden-xs&#8221;][vc_row_inner row_type=&#8221;row&#8221; type=&#8221;grid&#8221; text_align=&#8221;left&#8221; css_animation=&#8221;&#8221; css=&#8221;.vc_custom_1510223068897{padding-top: 100px !important;}&#8221;][vc_column_inner offset=&#8221;vc_col-lg-3 vc_col-md-6&#8243;]<div class='q_icon_with_title very_large custom_icon_image center '><div class=\"icon_holder \" style=\"margin: 0 0 8px 0; \"><img decoding=\"async\" itemprop=\"image\" style=\"margin: 0 0 8px 0;\" src=\"https:\/\/sominus.com.br\/apneia-dradenise\/wp-content\/uploads\/2021\/08\/IMPOTENCIA-SEXUAL-teste-4.png\" alt=\"\"><\/div><div class=\"icon_text_holder\" style=\"\"><div class=\"icon_text_inner\" style=\"\"><h4 class=\"icon_title\" style=\"\">Impot\u00eancia sexual e fim do seu relacionamento<\/h4><p style=''><\/p><\/div><\/div><\/div>[vc_empty_space height=&#8221;36px&#8221;]<div class='q_icon_with_title very_large custom_icon_image center '><div class=\"icon_holder \" style=\"margin: 0 0 8px 0; \"><img decoding=\"async\" itemprop=\"image\" style=\"margin: 0 0 8px 0;\" src=\"https:\/\/sominus.com.br\/apneia-dradenise\/wp-content\/uploads\/2021\/07\/DERRAME.png\" alt=\"\"><\/div><div class=\"icon_text_holder\" style=\"\"><div class=\"icon_text_inner\" style=\"\"><h4 class=\"icon_title\" style=\"\">Derrames<\/h4><p style=''><\/p><\/div><\/div><\/div>[\/vc_column_inner][vc_column_inner offset=&#8221;vc_col-lg-3 vc_col-md-6&#8243;]<div class='q_icon_with_title very_large custom_icon_image center '><div class=\"icon_holder \" style=\"margin: 0 0 8px 0; \"><img decoding=\"async\" itemprop=\"image\" style=\"margin: 0 0 8px 0;\" src=\"https:\/\/sominus.com.br\/apneia-dradenise\/wp-content\/uploads\/2021\/07\/ANSIEDADE-E-DEPRESSAO.png\" alt=\"\"><\/div><div class=\"icon_text_holder\" style=\"\"><div class=\"icon_text_inner\" style=\"\"><h4 class=\"icon_title\" style=\"\">Depress\u00e3o e Ansiedade<\/h4><p style=''><\/p><\/div><\/div><\/div>[vc_empty_space height=&#8221;72px&#8221;]<div class='q_icon_with_title very_large custom_icon_image center '><div class=\"icon_holder \" style=\"margin: 0 0 8px 0; \"><img decoding=\"async\" itemprop=\"image\" style=\"margin: 0 0 8px 0;\" src=\"https:\/\/sominus.com.br\/apneia-dradenise\/wp-content\/uploads\/2021\/07\/CANSACO.png\" alt=\"\"><\/div><div class=\"icon_text_holder\" style=\"\"><div class=\"icon_text_inner\" style=\"\"><h4 class=\"icon_title\" style=\"\">Sonol\u00eancia e cansa\u00e7o excessivo<\/h4><p style=''><\/p><\/div><\/div><\/div>[\/vc_column_inner][vc_column_inner offset=&#8221;vc_col-lg-3 vc_col-md-6&#8243;]<div class='q_icon_with_title very_large custom_icon_image center '><div class=\"icon_holder \" style=\"margin: 0 0 8px 0; \"><img decoding=\"async\" itemprop=\"image\" style=\"margin: 0 0 8px 0;\" src=\"https:\/\/sominus.com.br\/apneia-dradenise\/wp-content\/uploads\/2021\/06\/DOENCAS-NO-CORACAO.png\" alt=\"\"><\/div><div class=\"icon_text_holder\" style=\"\"><div class=\"icon_text_inner\" style=\"\"><h4 class=\"icon_title\" style=\"\">Doen\u00e7as no cora\u00e7\u00e3o<\/h4><p style=''><\/p><\/div><\/div><\/div>[vc_empty_space height=&#8221;72px&#8221;]<div class='q_icon_with_title very_large custom_icon_image center '><div class=\"icon_holder \" style=\"margin: 0 0 8px 0; \"><img decoding=\"async\" itemprop=\"image\" style=\"margin: 0 0 8px 0;\" src=\"https:\/\/sominus.com.br\/apneia-dradenise\/wp-content\/uploads\/2021\/07\/OBESIDADE.png\" alt=\"\"><\/div><div class=\"icon_text_holder\" style=\"\"><div class=\"icon_text_inner\" style=\"\"><h4 class=\"icon_title\" style=\"\">Obesidade<\/h4><p style=''><\/p><\/div><\/div><\/div>[\/vc_column_inner][vc_column_inner offset=&#8221;vc_col-lg-3 vc_col-md-6&#8243;]<div class='q_icon_with_title very_large custom_icon_image center '><div class=\"icon_holder \" style=\"margin: 0 0 8px 0; \"><img decoding=\"async\" itemprop=\"image\" style=\"margin: 0 0 8px 0;\" src=\"https:\/\/sominus.com.br\/apneia-dradenise\/wp-content\/uploads\/2021\/06\/DIABETES.png\" alt=\"\"><\/div><div class=\"icon_text_holder\" style=\"\"><div class=\"icon_text_inner\" style=\"\"><h4 class=\"icon_title\" style=\"\">Diabetes<\/h4><p style=''><\/p><\/div><\/div><\/div>[vc_empty_space height=&#8221;72px&#8221;]<div class='q_icon_with_title very_large custom_icon_image center '><div class=\"icon_holder \" style=\"margin: 0 0 8px 0; \"><img decoding=\"async\" itemprop=\"image\" style=\"margin: 0 0 8px 0;\" src=\"https:\/\/sominus.com.br\/apneia-dradenise\/wp-content\/uploads\/2021\/07\/ACIDENTES.png\" alt=\"\"><\/div><div class=\"icon_text_holder\" style=\"\"><div class=\"icon_text_inner\" style=\"\"><h4 class=\"icon_title\" style=\"\">Acidentes de Tr\u00e2nsito e de Trabalho<\/h4><p style=''><\/p><\/div><\/div><\/div>[\/vc_column_inner][\/vc_row_inner][\/vc_column][\/vc_row][vc_row css_animation=&#8221;&#8221; row_type=&#8221;row&#8221; use_row_as_full_screen_section=&#8221;no&#8221; type=&#8221;full_width&#8221; angled_section=&#8221;no&#8221; text_align=&#8221;center&#8221; background_image_as_pattern=&#8221;without_pattern&#8221; z_index=&#8221;&#8221;][vc_column offset=&#8221;vc_hidden-md vc_hidden-sm vc_hidden-xs&#8221;][vc_empty_space height=&#8221;50px&#8221;]<a  itemprop=\"url\" href=\"#garantirvaga\" target=\"_self\" data-hover-background-color=#cba884 data-hover-border-color=#cba884 data-hover-color=#ffffff class=\"qbutton  big_large center default\" style=\"color: #ffffff; border-color: #002859; background-color: #002859;\">Quero me livrar do Ronco e da Apneia do Sono!<i class=\"qode_icon_font_awesome fa fa-heart qode_button_icon_element\" style=\"\" ><\/i><\/a>[\/vc_column][\/vc_row][vc_row css_animation=&#8221;&#8221; row_type=&#8221;row&#8221; use_row_as_full_screen_section=&#8221;no&#8221; type=&#8221;grid&#8221; angled_section=&#8221;no&#8221; text_align=&#8221;center&#8221; background_image_as_pattern=&#8221;without_pattern&#8221; z_index=&#8221;&#8221;][vc_column offset=&#8221;vc_hidden-lg&#8221;][vc_empty_space height=&#8221;50px&#8221;]\n\n\t<a href=\"#garantirvaga\" target=\"_self\" style=\"color: #ffffff;background-color: #002859;font-size: 16px;font-weight: 700\" class=\"qode-btn qode-btn-medium qode-btn-solid qode-btn-custom-hover-bg qode-btn-default-hover\" data-hover-bg-color=\"#c9a983\" >\n\t    <span class=\"qode-btn-text\">Quero me livrar do Ronco e da Apneia do Sono!<\/span>\t<\/a>\n\n[\/vc_column][\/vc_row][vc_row css_animation=&#8221;&#8221; row_type=&#8221;row&#8221; use_row_as_full_screen_section=&#8221;no&#8221; type=&#8221;full_width&#8221; angled_section=&#8221;no&#8221; text_align=&#8221;left&#8221; background_image_as_pattern=&#8221;without_pattern&#8221;][vc_column offset=&#8221;vc_hidden-md vc_hidden-sm vc_hidden-xs&#8221;][vc_row_inner row_type=&#8221;row&#8221; type=&#8221;grid&#8221; text_align=&#8221;left&#8221; css_animation=&#8221;&#8221; css=&#8221;.vc_custom_1624392057836{padding-top: 163px !important;padding-bottom: 120px !important;}&#8221;][vc_column_inner offset=&#8221;vc_col-lg-6 vc_col-md-12&#8243;][qode_elements_holder number_of_columns=&#8221;one_column&#8221;][qode_elements_holder_item item_padding=&#8221;15px 50px 0 0&#8243; advanced_animations=&#8221;no&#8221; item_padding_1280_1440=&#8221;60px 50px 0 0&#8243; item_padding_1024_1280=&#8221;50px 0px 0 0&#8243;][vc_column_text]<\/p>\n<h5><span style=\"color: #cba884;\">\u00c9 poss\u00edvel voltar a dormir e viver com qualidade!<\/span><\/h5>\n<p>[\/vc_column_text][vc_empty_space height=&#8221;16px&#8221;][vc_column_text]<\/p>\n<h3><em><strong>Fa\u00e7a uma avalia\u00e7\u00e3o m\u00e9dica<\/strong><\/em>\u00a0com a especialista em sono:<\/h3>\n<h2>Dra Denise L. Alvarenga<\/h2>\n<p>[\/vc_column_text][vc_empty_space height=&#8221;31px&#8221;][vc_column_text]<\/p>\n<h6>Atrav\u00e9s de uma<strong><span style=\"color: #cba884;\"> avalia\u00e7\u00e3o<\/span> <\/strong><span style=\"color: #cba884;\"><strong>personalizada<\/strong><\/span> &#8211; afinal as pessoas s\u00e3o diferentes umas das outras &#8211; e exames indolores para verificar a qualidade do seu sono, n\u00f3s poderemos identificar a origem da sua Apneia e a partir disso ser\u00e1 poss\u00edvel voc\u00ea voltar a ter:<\/h6>\n<p>[\/vc_column_text][vc_empty_space height=&#8221;31px&#8221;]<div class='q_list circle'><\/p>\n<ul>\n<li>\n<h6><strong>Sa\u00fade f\u00edsica<\/strong>, evitando a <strong>impot\u00eancia sexual<\/strong>, poss\u00edveis doen\u00e7as do cora\u00e7\u00e3o, diabetes e at\u00e9 derrames<\/h6>\n<\/li>\n<li>\n<h6>Melhora da sua sa\u00fade mental, eliminando a ansiedade, irritabilidade e depress\u00e3o, resgatando a paz que voc\u00ea vivia antigamente<\/h6>\n<\/li>\n<li>\n<h6>Uma noite de sono agrad\u00e1vel e sem incomodar ningu\u00e9m<\/h6>\n<\/li>\n<li>\n<h6>Disposi\u00e7\u00e3o e energia no seu dia a dia<\/h6>\n<\/li>\n<li>\n<h6>Seguran\u00e7a ao volante e no trabalho<\/h6>\n<\/li>\n<\/ul>\n<p><\/div>[\/qode_elements_holder_item][\/qode_elements_holder][\/vc_column_inner][vc_column_inner offset=&#8221;vc_col-lg-6 vc_col-md-12&#8243;][qode_elements_holder number_of_columns=&#8221;one_column&#8221;][qode_elements_holder_item advanced_animations=&#8221;no&#8221; item_padding_768_1024=&#8221;100px 0 0 0&#8243; item_padding_480=&#8221;100px 0 0 0&#8243;][vc_single_image image=&#8221;673&#8243; img_size=&#8221;full&#8221; qode_css_animation=&#8221;&#8221;][\/qode_elements_holder_item][\/qode_elements_holder][\/vc_column_inner][\/vc_row_inner][\/vc_column][\/vc_row][vc_row css_animation=&#8221;&#8221; row_type=&#8221;row&#8221; use_row_as_full_screen_section=&#8221;no&#8221; type=&#8221;full_width&#8221; angled_section=&#8221;no&#8221; text_align=&#8221;left&#8221; background_image_as_pattern=&#8221;without_pattern&#8221;][vc_column offset=&#8221;vc_hidden-lg&#8221;][vc_row_inner row_type=&#8221;row&#8221; type=&#8221;grid&#8221; text_align=&#8221;left&#8221; css_animation=&#8221;&#8221; css=&#8221;.vc_custom_1626120098231{padding-top: 55px !important;padding-bottom: 120px !important;}&#8221;][vc_column_inner offset=&#8221;vc_col-lg-6 vc_col-md-12&#8243;][qode_elements_holder number_of_columns=&#8221;one_column&#8221;][qode_elements_holder_item item_padding=&#8221;15px 50px 0 0&#8243; advanced_animations=&#8221;no&#8221; item_padding_1280_1440=&#8221;60px 50px 0 0&#8243; item_padding_1024_1280=&#8221;50px 0px 0 0&#8243;][vc_single_image image=&#8221;673&#8243; img_size=&#8221;full&#8221; qode_css_animation=&#8221;&#8221;][vc_empty_space height=&#8221;31px&#8221;][vc_column_text]<\/p>\n<h5><span style=\"color: #cba884;\">\u00c9 poss\u00edvel voltar a dormir e viver com qualidade!<\/span><\/h5>\n<p>[\/vc_column_text][vc_empty_space height=&#8221;16px&#8221;][vc_column_text]<\/p>\n<h3>Fa\u00e7a uma avalia\u00e7\u00e3o m\u00e9dica com a especialista em sono:<\/h3>\n<h3><strong>Dra Denise L. Alvarenga<\/strong><\/h3>\n<p>[\/vc_column_text][vc_empty_space height=&#8221;31px&#8221;][vc_column_text]<\/p>\n<h6>Atrav\u00e9s de uma<strong><span style=\"color: #cba884;\"> avalia\u00e7\u00e3o<\/span> <\/strong><span style=\"color: #cba884;\"><strong>personalizada<\/strong><\/span> &#8211; afinal as pessoas s\u00e3o diferentes umas das outras &#8211; e exames indolores para verificar a qualidade do seu sono, n\u00f3s poderemos identificar a origem da sua Apneia e a partir disso ser\u00e1 poss\u00edvel voc\u00ea voltar a ter:<\/h6>\n<p>[\/vc_column_text][vc_empty_space height=&#8221;31px&#8221;]<div class='q_list circle'><\/p>\n<ul>\n<li>\n<h6><strong>Sa\u00fade f\u00edsica<\/strong>, evitando a <strong>impot\u00eancia sexual<\/strong>, poss\u00edveis doen\u00e7as do cora\u00e7\u00e3o, diabetes e at\u00e9 derrames<\/h6>\n<\/li>\n<li>\n<h6>Melhora da sua sa\u00fade mental, eliminando a ansiedade, irritabilidade e depress\u00e3o, resgatando a paz que voc\u00ea vivia antigamente<\/h6>\n<\/li>\n<li>\n<h6>Uma noite de sono agrad\u00e1vel e sem incomodar ningu\u00e9m<\/h6>\n<\/li>\n<li>\n<h6>Disposi\u00e7\u00e3o e energia no seu dia a dia<\/h6>\n<\/li>\n<li>\n<h6>Seguran\u00e7a ao volante e no trabalho<\/h6>\n<\/li>\n<\/ul>\n<p><\/div>[\/qode_elements_holder_item][\/qode_elements_holder][\/vc_column_inner][\/vc_row_inner][\/vc_column][\/vc_row][vc_row css_animation=&#8221;&#8221; row_type=&#8221;row&#8221; use_row_as_full_screen_section=&#8221;no&#8221; type=&#8221;full_width&#8221; angled_section=&#8221;no&#8221; text_align=&#8221;left&#8221; background_image_as_pattern=&#8221;without_pattern&#8221;][vc_column offset=&#8221;vc_hidden-md vc_hidden-sm vc_hidden-xs&#8221;][vc_row_inner row_type=&#8221;row&#8221; type=&#8221;grid&#8221; text_align=&#8221;left&#8221; css_animation=&#8221;&#8221;][vc_column_inner width=&#8221;1\/3&#8243;]<div class='q_icon_with_title medium custom_icon_image '><div class=\"icon_holder \" style=\" \"><img decoding=\"async\" itemprop=\"image\" style=\"\" src=\"https:\/\/sominus.com.br\/apneia-dradenise\/wp-content\/uploads\/2021\/06\/ICONE-CORACAO.png\" alt=\"\"><\/div><div class=\"icon_text_holder\" style=\"\"><div class=\"icon_text_inner\" style=\"\"><h6 class=\"icon_title\" style=\"font-weight: 600;\"><\/h6><p style=''>Estou falando em voltar a se sentir seguro, em proporcionar prazer para a sua companheira e melhorar o seu relacionamento.<\/p><\/div><\/div><\/div>[vc_empty_space height=&#8221;72px&#8221;]<div class='q_icon_with_title medium custom_icon_image '><div class=\"icon_holder \" style=\" \"><img decoding=\"async\" itemprop=\"image\" style=\"\" src=\"https:\/\/sominus.com.br\/apneia-dradenise\/wp-content\/uploads\/2021\/06\/ICONE-CORACAO.png\" alt=\"\"><\/div><div class=\"icon_text_holder\" style=\"\"><div class=\"icon_text_inner\" style=\"\"><h6 class=\"icon_title\" style=\"font-weight: 600;\"><\/h6><p style=''>Estou falando de parar de ter sono incontrol\u00e1vel ao volante e quase provocar um acidente.<\/p><\/div><\/div><\/div>[\/vc_column_inner][vc_column_inner width=&#8221;1\/3&#8243;]<div class='q_icon_with_title medium custom_icon_image '><div class=\"icon_holder \" style=\" \"><img decoding=\"async\" itemprop=\"image\" style=\"\" src=\"https:\/\/sominus.com.br\/apneia-dradenise\/wp-content\/uploads\/2021\/06\/ICONE-CORACAO.png\" alt=\"\"><\/div><div class=\"icon_text_holder\" style=\"\"><div class=\"icon_text_inner\" style=\"\"><h6 class=\"icon_title\" style=\"font-weight: 600;\"><\/h6><p style=''>Estou falando de parar de ter cansa\u00e7o extremo durante o dia.<\/p><\/div><\/div><\/div>[vc_empty_space height=&#8221;72px&#8221;]<div class='q_icon_with_title medium custom_icon_image '><div class=\"icon_holder \" style=\" \"><img decoding=\"async\" itemprop=\"image\" style=\"\" src=\"https:\/\/sominus.com.br\/apneia-dradenise\/wp-content\/uploads\/2021\/06\/ICONE-CORACAO.png\" alt=\"\"><\/div><div class=\"icon_text_holder\" style=\"\"><div class=\"icon_text_inner\" style=\"\"><h6 class=\"icon_title\" style=\"font-weight: 600;\"><\/h6><p style=''>Estou falando de voltar a ter uma noite de sono agrad\u00e1vel e voltar a ter um relacionamento saud\u00e1vel com sua companheira.<\/p><\/div><\/div><\/div>[\/vc_column_inner][vc_column_inner width=&#8221;1\/3&#8243;]<div class='q_icon_with_title medium custom_icon_image '><div class=\"icon_holder \" style=\" \"><img decoding=\"async\" itemprop=\"image\" style=\"\" src=\"https:\/\/sominus.com.br\/apneia-dradenise\/wp-content\/uploads\/2021\/06\/ICONE-CORACAO.png\" alt=\"\"><\/div><div class=\"icon_text_holder\" style=\"\"><div class=\"icon_text_inner\" style=\"\"><h6 class=\"icon_title\" style=\"font-weight: 600;\"><\/h6><p style=''>Estou falando de parar de roncar e ter a sensa\u00e7\u00e3o de parar de respirar durante a noite.<\/p><\/div><\/div><\/div>[vc_empty_space height=&#8221;60px&#8221;]<div class='q_icon_with_title medium custom_icon_image '><div class=\"icon_holder \" style=\" \"><img decoding=\"async\" itemprop=\"image\" style=\"\" src=\"https:\/\/sominus.com.br\/apneia-dradenise\/wp-content\/uploads\/2021\/06\/ICONE-CORACAO.png\" alt=\"\"><\/div><div class=\"icon_text_holder\" style=\"\"><div class=\"icon_text_inner\" style=\"\"><h6 class=\"icon_title\" style=\"font-weight: 600;\"><\/h6><p style=''>Estou falando de parar de ter vergonha quando alguma visita vai dormir em sua casa.<\/p><\/div><\/div><\/div>[\/vc_column_inner][\/vc_row_inner][\/vc_column][\/vc_row][vc_row css_animation=&#8221;&#8221; row_type=&#8221;row&#8221; use_row_as_full_screen_section=&#8221;no&#8221; type=&#8221;full_width&#8221; angled_section=&#8221;no&#8221; text_align=&#8221;left&#8221; background_image_as_pattern=&#8221;without_pattern&#8221;][vc_column offset=&#8221;vc_hidden-lg&#8221;][vc_row_inner row_type=&#8221;row&#8221; type=&#8221;grid&#8221; text_align=&#8221;left&#8221; css_animation=&#8221;&#8221; css=&#8221;.vc_custom_1626120702305{margin-top: -40px !important;}&#8221;][vc_column_inner]<div class='q_icon_with_title medium custom_icon_image '><div class=\"icon_holder \" style=\" \"><img decoding=\"async\" itemprop=\"image\" style=\"\" src=\"https:\/\/sominus.com.br\/apneia-dradenise\/wp-content\/uploads\/2021\/06\/ICONE-CORACAO.png\" alt=\"\"><\/div><div class=\"icon_text_holder\" style=\"\"><div class=\"icon_text_inner\" style=\"\"><h6 class=\"icon_title\" style=\"font-weight: 600;\"><\/h6><p style=''>Estou falando em voltar a se sentir seguro, em proporcionar prazer para a sua companheira e melhorar o seu relacionamento.<\/p><\/div><\/div><\/div>[vc_empty_space]<div class='q_icon_with_title medium custom_icon_image '><div class=\"icon_holder \" style=\" \"><img decoding=\"async\" itemprop=\"image\" style=\"\" src=\"https:\/\/sominus.com.br\/apneia-dradenise\/wp-content\/uploads\/2021\/06\/ICONE-CORACAO.png\" alt=\"\"><\/div><div class=\"icon_text_holder\" style=\"\"><div class=\"icon_text_inner\" style=\"\"><h6 class=\"icon_title\" style=\"font-weight: 600;\"><\/h6><p style=''>Estou falando de parar de ter cansa\u00e7o extremo durante o dia.<\/p><\/div><\/div><\/div>[vc_empty_space]<div class='q_icon_with_title medium custom_icon_image '><div class=\"icon_holder \" style=\" \"><img decoding=\"async\" itemprop=\"image\" style=\"\" src=\"https:\/\/sominus.com.br\/apneia-dradenise\/wp-content\/uploads\/2021\/06\/ICONE-CORACAO.png\" alt=\"\"><\/div><div class=\"icon_text_holder\" style=\"\"><div class=\"icon_text_inner\" style=\"\"><h6 class=\"icon_title\" style=\"font-weight: 600;\"><\/h6><p style=''>Estou falando de parar de roncar e ter a sensa\u00e7\u00e3o de parar de respirar durante a noite.<\/p><\/div><\/div><\/div>[vc_empty_space]<div class='q_icon_with_title medium custom_icon_image '><div class=\"icon_holder \" style=\" \"><img decoding=\"async\" itemprop=\"image\" style=\"\" src=\"https:\/\/sominus.com.br\/apneia-dradenise\/wp-content\/uploads\/2021\/06\/ICONE-CORACAO.png\" alt=\"\"><\/div><div class=\"icon_text_holder\" style=\"\"><div class=\"icon_text_inner\" style=\"\"><h6 class=\"icon_title\" style=\"font-weight: 600;\"><\/h6><p style=''>Estou falando de parar de ter sono incontrol\u00e1vel ao volante e quase provocar um acidente.<\/p><\/div><\/div><\/div>[vc_empty_space]<div class='q_icon_with_title medium custom_icon_image '><div class=\"icon_holder \" style=\" \"><img decoding=\"async\" itemprop=\"image\" style=\"\" src=\"https:\/\/sominus.com.br\/apneia-dradenise\/wp-content\/uploads\/2021\/06\/ICONE-CORACAO.png\" alt=\"\"><\/div><div class=\"icon_text_holder\" style=\"\"><div class=\"icon_text_inner\" style=\"\"><h6 class=\"icon_title\" style=\"font-weight: 600;\"><\/h6><p style=''>Estou falando de voltar a ter uma noite de sono agrad\u00e1vel e voltar a ter um relacionamento saud\u00e1vel com sua companheira.<\/p><\/div><\/div><\/div>[vc_empty_space]<div class='q_icon_with_title medium custom_icon_image '><div class=\"icon_holder \" style=\" \"><img decoding=\"async\" itemprop=\"image\" style=\"\" src=\"https:\/\/sominus.com.br\/apneia-dradenise\/wp-content\/uploads\/2021\/06\/ICONE-CORACAO.png\" alt=\"\"><\/div><div class=\"icon_text_holder\" style=\"\"><div class=\"icon_text_inner\" style=\"\"><h6 class=\"icon_title\" style=\"font-weight: 600;\"><\/h6><p style=''>Estou falando de parar de ter vergonha quando alguma visita vai dormir em sua casa.<\/p><\/div><\/div><\/div>[\/vc_column_inner][\/vc_row_inner][\/vc_column][\/vc_row][vc_row css_animation=&#8221;&#8221; row_type=&#8221;row&#8221; use_row_as_full_screen_section=&#8221;no&#8221; type=&#8221;full_width&#8221; angled_section=&#8221;no&#8221; text_align=&#8221;left&#8221; background_image_as_pattern=&#8221;without_pattern&#8221;][vc_column][vc_empty_space height=&#8221;60px&#8221;][\/vc_column][\/vc_row][vc_row css_animation=&#8221;&#8221; row_type=&#8221;row&#8221; use_row_as_full_screen_section=&#8221;no&#8221; type=&#8221;full_width&#8221; angled_section=&#8221;no&#8221; text_align=&#8221;left&#8221; background_image_as_pattern=&#8221;without_pattern&#8221; z_index=&#8221;&#8221;][vc_column offset=&#8221;vc_hidden-md vc_hidden-sm vc_hidden-xs&#8221;][vc_row_inner row_type=&#8221;row&#8221; type=&#8221;grid&#8221; text_align=&#8221;left&#8221; css_animation=&#8221;&#8221; css=&#8221;.vc_custom_1510241757444{padding-top: 4px !important;padding-bottom: 40px !important;}&#8221;][vc_column_inner offset=&#8221;vc_col-lg-6 vc_col-md-12&#8243;][qode_elements_holder number_of_columns=&#8221;one_column&#8221;][qode_elements_holder_item item_padding=&#8221;0 0 0 0&#8243; advanced_animations=&#8221;no&#8221; item_padding_1024_1280=&#8221;0 25px 0 0&#8243;][vc_single_image image=&#8221;837&#8243; img_size=&#8221;full&#8221; qode_css_animation=&#8221;&#8221;][\/qode_elements_holder_item][\/qode_elements_holder][\/vc_column_inner][vc_column_inner offset=&#8221;vc_col-lg-6 vc_col-md-12&#8243;][qode_elements_holder number_of_columns=&#8221;one_column&#8221;][qode_elements_holder_item item_padding=&#8221;0px 0px 0 15px&#8221; advanced_animations=&#8221;no&#8221; item_padding_1024_1280=&#8221;75px 0px 0 10px&#8221;][vc_column_text]<\/p>\n<h5><span style=\"color: #cba884;\">Dra. Denise L. Alvarenga<\/span><\/h5>\n<p>[\/vc_column_text][vc_empty_space height=&#8221;16px&#8221;][vc_column_text]<\/p>\n<h2>Refer\u00eancia em Medicina do Sono em Taubat\u00e9 e no Vale do Para\u00edba.<\/h2>\n<p>[\/vc_column_text][vc_empty_space height=&#8221;21px&#8221;]<div class='q_list circle'><\/p>\n<ul>\n<li>\n<h5><span style=\"color: #333333;\">22 anos de experi\u00eancia associada \u00e0 Otorrinolaringologia e Medicina do Sono<\/span><\/h5>\n<\/li>\n<li>\n<h5><span style=\"color: #333333;\">Mais de 30 mil vidas transformadas!<\/span><\/h5>\n<\/li>\n<\/ul>\n<p><\/div>[vc_empty_space height=&#8221;21px&#8221;][vc_column_text]Se voc\u00ea tem interesse em transforma a sua qualidade de vida agora, <strong>N\u00c3O ESPERE MAIS<\/strong>, <span style=\"color: #cba884;\"><strong>clique no bot\u00e3o abaixo<\/strong><\/span> o mais r\u00e1pido poss\u00edvel e <strong>agende uma consulta.<\/strong>[\/vc_column_text][vc_empty_space height=&#8221;35px&#8221;]<a  itemprop=\"url\" href=\"#garantirvaga\" target=\"_self\" data-hover-background-color=#cba884 data-hover-border-color=#cba884 data-hover-color=#ffffff class=\"qbutton  medium center default\" style=\"color: #ffffff; border-color: #002859; background-color: #002859;\">Quero me livrar do Ronco e da Apneia do Sono!<i class=\"qode_icon_font_awesome fa fa-heart qode_button_icon_element\" style=\"\" ><\/i><\/a>[\/qode_elements_holder_item][\/qode_elements_holder][\/vc_column_inner][\/vc_row_inner][\/vc_column][\/vc_row][vc_row css_animation=&#8221;&#8221; row_type=&#8221;row&#8221; use_row_as_full_screen_section=&#8221;no&#8221; type=&#8221;full_width&#8221; angled_section=&#8221;no&#8221; text_align=&#8221;left&#8221; background_image_as_pattern=&#8221;without_pattern&#8221; z_index=&#8221;&#8221;][vc_column offset=&#8221;vc_hidden-lg&#8221;][vc_row_inner row_type=&#8221;row&#8221; type=&#8221;grid&#8221; text_align=&#8221;left&#8221; css_animation=&#8221;&#8221; css=&#8221;.vc_custom_1510241757444{padding-top: 4px !important;padding-bottom: 40px !important;}&#8221;][vc_column_inner offset=&#8221;vc_col-lg-6 vc_col-md-12&#8243;][qode_elements_holder number_of_columns=&#8221;one_column&#8221;][qode_elements_holder_item item_padding=&#8221;0 0 0 0&#8243; advanced_animations=&#8221;no&#8221; item_padding_1024_1280=&#8221;0 25px 0 0&#8243;][vc_single_image image=&#8221;837&#8243; img_size=&#8221;full&#8221; qode_css_animation=&#8221;&#8221;][\/qode_elements_holder_item][\/qode_elements_holder][\/vc_column_inner][vc_column_inner offset=&#8221;vc_col-lg-6 vc_col-md-12&#8243;][qode_elements_holder number_of_columns=&#8221;one_column&#8221;][qode_elements_holder_item item_padding=&#8221;35px 0px 0 15px&#8221; advanced_animations=&#8221;no&#8221; item_padding_1024_1280=&#8221;75px 0px 0 10px&#8221;][vc_column_text]<\/p>\n<h5><span style=\"color: #cba884;\">Dra. Denise L. Alvarenga<\/span><\/h5>\n<p>[\/vc_column_text][vc_empty_space height=&#8221;16px&#8221;][vc_column_text]<\/p>\n<h3>Refer\u00eancia em Medicina do Sono em Taubat\u00e9 e no Vale do Para\u00edba.<\/h3>\n<p>[\/vc_column_text][vc_empty_space height=&#8221;21px&#8221;]<div class='q_list circle'><\/p>\n<ul>\n<li>\n<h5><span style=\"color: #333333;\">22 anos de experi\u00eancia associada \u00e0 Otorrinolaringologia e Medicina do Sono<\/span><\/h5>\n<\/li>\n<li>\n<h5><span style=\"color: #333333;\">Mais de 30 mil vidas transformadas!<\/span><\/h5>\n<\/li>\n<\/ul>\n<p><\/div>[vc_empty_space height=&#8221;21px&#8221;][vc_column_text]Se voc\u00ea tem interesse em transforma a sua qualidade de vida agora, <strong>N\u00c3O ESPERE MAIS<\/strong>, <span style=\"color: #cba884;\"><strong>clique no bot\u00e3o abaixo<\/strong><\/span> o mais r\u00e1pido poss\u00edvel e <strong>agende uma consulta.<\/strong>[\/vc_column_text][vc_empty_space height=&#8221;35px&#8221;]\n\n\t<a href=\"#garantirvaga\" target=\"_self\" style=\"color: #ffffff;background-color: #002859;font-size: 16px;font-weight: 700\" class=\"qode-btn qode-btn-medium qode-btn-solid qode-btn-custom-hover-bg qode-btn-default-hover\" data-hover-bg-color=\"#c9a983\" >\n\t    <span class=\"qode-btn-text\">Quero me livrar do Ronco e da Apneia do Sono!<\/span>\t<\/a>\n\n[\/qode_elements_holder_item][\/qode_elements_holder][\/vc_column_inner][\/vc_row_inner][\/vc_column][\/vc_row][vc_row css_animation=&#8221;&#8221; row_type=&#8221;row&#8221; use_row_as_full_screen_section=&#8221;no&#8221; type=&#8221;full_width&#8221; angled_section=&#8221;no&#8221; text_align=&#8221;left&#8221; background_image_as_pattern=&#8221;without_pattern&#8221;][vc_column][vc_empty_space height=&#8221;90px&#8221;][\/vc_column][\/vc_row][vc_row css_animation=&#8221;&#8221; row_type=&#8221;row&#8221; use_row_as_full_screen_section=&#8221;no&#8221; type=&#8221;full_width&#8221; angled_section=&#8221;no&#8221; text_align=&#8221;left&#8221; background_image_as_pattern=&#8221;without_pattern&#8221; el_id=&#8221;garantirvaga&#8221; z_index=&#8221;&#8221;][vc_column css=&#8221;.vc_custom_1631812960597{background-image: url(https:\/\/sominus.com.br\/insonia-dradenise\/wp-content\/uploads\/2021\/06\/BG-CTA.jpg?id=446) !important;}&#8221;][vc_row_inner row_type=&#8221;row&#8221; type=&#8221;grid&#8221; text_align=&#8221;center&#8221; css_animation=&#8221;&#8221;][vc_column_inner offset=&#8221;vc_hidden-md vc_hidden-sm vc_hidden-xs&#8221;][vc_empty_space height=&#8221;50px&#8221;][vc_column_text]<\/p>\n<h2 style=\"text-align: center;\"><span style=\"color: #ffffff;\"><span style=\"color: #cba884;\">Agenda com poucas vagas<\/span><\/span> <span style=\"color: #ffffff;\">para o m\u00eas de Setembro!<\/span><\/h2>\n<p>[\/vc_column_text][vc_empty_space height=&#8221;8px&#8221;][vc_column_text]<\/p>\n<h6 style=\"text-align: center;\"><span style=\"color: #ffffff;\">Preencha o formul\u00e1rio abaixo, receba todas as informa\u00e7\u00f5es e<\/span> <span style=\"color: #c9a983;\"><strong>AGENDE AGORA<\/strong><\/span> <span style=\"color: #ffffff;\">sua consulta.<\/span><\/h6>\n<p>[\/vc_column_text][vc_empty_space height=&#8221;50px&#8221;]<div role=\"form\" class=\"wpcf7\" id=\"wpcf7-f152-o1\" lang=\"en-US\" dir=\"ltr\">\n<div class=\"screen-reader-response\"><p role=\"status\" aria-live=\"polite\" aria-atomic=\"true\"><\/p> <ul><\/ul><\/div>\n<form action=\"\/apneia-dradenise\/wp-json\/wp\/v2\/pages\/359#wpcf7-f152-o1\" method=\"post\" class=\"wpcf7-form init cf7_custom_style_2\" novalidate=\"novalidate\" data-status=\"init\">\n<div style=\"display: none;\">\n<input type=\"hidden\" name=\"_wpcf7\" value=\"152\" \/>\n<input type=\"hidden\" name=\"_wpcf7_version\" value=\"5.5.2\" \/>\n<input type=\"hidden\" name=\"_wpcf7_locale\" value=\"en_US\" \/>\n<input type=\"hidden\" name=\"_wpcf7_unit_tag\" value=\"wpcf7-f152-o1\" \/>\n<input type=\"hidden\" name=\"_wpcf7_container_post\" value=\"0\" \/>\n<input type=\"hidden\" name=\"_wpcf7_posted_data_hash\" value=\"\" \/>\n<\/div>\n<div><span class=\"wpcf7-form-control-wrap your-name\"><input type=\"text\" name=\"your-name\" value=\"\" size=\"40\" class=\"wpcf7-form-control wpcf7-text wpcf7-validates-as-required\" aria-required=\"true\" aria-invalid=\"false\" placeholder=\"Primeiro Nome\" \/><\/span><\/div>\n<div><span class=\"wpcf7-form-control-wrap text-195\"><input type=\"text\" name=\"text-195\" value=\"\" size=\"40\" class=\"wpcf7-form-control wpcf7-text wpcf7-validates-as-required\" aria-required=\"true\" aria-invalid=\"false\" placeholder=\"Seu Whatsapp - Ex: (DDD) x xxxx-xxxx\" \/><\/span><\/div>\n<p><input type=\"submit\" value=\"Garantir a minha vaga \u2705\" class=\"wpcf7-form-control has-spinner wpcf7-submit\" \/><\/p>\n<p><span style=\"color: #ffffff;\">Ao preencher o formul\u00e1rio, <strong>concordo<\/strong> em receber comunica\u00e7\u00f5es de acordo com meus interesses.<\/span><br \/>\n<span style=\"color: #ffffff;\">Ao informar meus dados, eu concordo com a<span style=\"color: #cba884;\"> <a style=\"color: #cba884;\" href=\"http:\/\/sominus.com.br\/apneia-dradenise\/politica-de-privacidade\/\" target=\"_blank\" rel=\"noopener\">Pol\u00edtica de privacidade.<\/a><\/span><\/span><br \/>\n<span style=\"color: #ffffff;\">*Voc\u00ea pode alterar suas permiss\u00f5es de comunica\u00e7\u00e3o a qualquer momento.<\/span><\/p>\n<div class=\"wpcf7-response-output\" aria-hidden=\"true\"><\/div><\/form><\/div>[vc_empty_space height=&#8221;40px&#8221;][\/vc_column_inner][\/vc_row_inner][\/vc_column][\/vc_row][vc_row css_animation=&#8221;&#8221; row_type=&#8221;row&#8221; use_row_as_full_screen_section=&#8221;no&#8221; type=&#8221;full_width&#8221; angled_section=&#8221;no&#8221; text_align=&#8221;left&#8221; background_image_as_pattern=&#8221;without_pattern&#8221; el_id=&#8221;garantirvaga&#8221; z_index=&#8221;&#8221;][vc_column css=&#8221;.vc_custom_1626122199617{background-image: url(https:\/\/sominus.com.br\/insonia-dradenise\/wp-content\/uploads\/2021\/06\/BG-CTA.jpg?id=446) !important;}&#8221;][vc_row_inner row_type=&#8221;row&#8221; type=&#8221;grid&#8221; text_align=&#8221;center&#8221; css_animation=&#8221;&#8221;][vc_column_inner offset=&#8221;vc_hidden-lg&#8221;][vc_empty_space height=&#8221;50px&#8221;][vc_column_text]<\/p>\n<h3 style=\"text-align: center;\"><span style=\"color: #ffffff;\"><span style=\"color: #cba884;\">Agenda com poucas vagas<\/span> para os m\u00eas de Setembro!<\/span><\/h3>\n<p>[\/vc_column_text][vc_empty_space height=&#8221;8px&#8221;][vc_column_text]<\/p>\n<h6 style=\"text-align: center;\"><span style=\"color: #ffffff;\">Preencha o formul\u00e1rio abaixo, receba todas as informa\u00e7\u00f5es e<\/span> <span style=\"color: #c9a983;\"><strong>AGENDE AGORA<\/strong><\/span> <span style=\"color: #ffffff;\">sua consulta.<\/span><\/h6>\n<p>[\/vc_column_text][vc_empty_space height=&#8221;50px&#8221;]<div role=\"form\" class=\"wpcf7\" id=\"wpcf7-f152-o2\" lang=\"en-US\" dir=\"ltr\">\n<div class=\"screen-reader-response\"><p role=\"status\" aria-live=\"polite\" aria-atomic=\"true\"><\/p> <ul><\/ul><\/div>\n<form action=\"\/apneia-dradenise\/wp-json\/wp\/v2\/pages\/359#wpcf7-f152-o2\" method=\"post\" class=\"wpcf7-form init cf7_custom_style_2\" novalidate=\"novalidate\" data-status=\"init\">\n<div style=\"display: none;\">\n<input type=\"hidden\" name=\"_wpcf7\" value=\"152\" \/>\n<input type=\"hidden\" name=\"_wpcf7_version\" value=\"5.5.2\" \/>\n<input type=\"hidden\" name=\"_wpcf7_locale\" value=\"en_US\" \/>\n<input type=\"hidden\" name=\"_wpcf7_unit_tag\" value=\"wpcf7-f152-o2\" \/>\n<input type=\"hidden\" name=\"_wpcf7_container_post\" value=\"0\" \/>\n<input type=\"hidden\" name=\"_wpcf7_posted_data_hash\" value=\"\" \/>\n<\/div>\n<div><span class=\"wpcf7-form-control-wrap your-name\"><input type=\"text\" name=\"your-name\" value=\"\" size=\"40\" class=\"wpcf7-form-control wpcf7-text wpcf7-validates-as-required\" aria-required=\"true\" aria-invalid=\"false\" placeholder=\"Primeiro Nome\" \/><\/span><\/div>\n<div><span class=\"wpcf7-form-control-wrap text-195\"><input type=\"text\" name=\"text-195\" value=\"\" size=\"40\" class=\"wpcf7-form-control wpcf7-text wpcf7-validates-as-required\" aria-required=\"true\" aria-invalid=\"false\" placeholder=\"Seu Whatsapp - Ex: (DDD) x xxxx-xxxx\" \/><\/span><\/div>\n<p><input type=\"submit\" value=\"Garantir a minha vaga \u2705\" class=\"wpcf7-form-control has-spinner wpcf7-submit\" \/><\/p>\n<p><span style=\"color: #ffffff;\">Ao preencher o formul\u00e1rio, <strong>concordo<\/strong> em receber comunica\u00e7\u00f5es de acordo com meus interesses.<\/span><br \/>\n<span style=\"color: #ffffff;\">Ao informar meus dados, eu concordo com a<span style=\"color: #cba884;\"> <a style=\"color: #cba884;\" href=\"http:\/\/sominus.com.br\/apneia-dradenise\/politica-de-privacidade\/\" target=\"_blank\" rel=\"noopener\">Pol\u00edtica de privacidade.<\/a><\/span><\/span><br \/>\n<span style=\"color: #ffffff;\">*Voc\u00ea pode alterar suas permiss\u00f5es de comunica\u00e7\u00e3o a qualquer momento.<\/span><\/p>\n<div class=\"wpcf7-response-output\" aria-hidden=\"true\"><\/div><\/form><\/div>[vc_empty_space height=&#8221;100px&#8221;][\/vc_column_inner][\/vc_row_inner][\/vc_column][\/vc_row][vc_row css_animation=&#8221;&#8221; row_type=&#8221;row&#8221; use_row_as_full_screen_section=&#8221;no&#8221; type=&#8221;full_width&#8221; angled_section=&#8221;no&#8221; text_align=&#8221;left&#8221; background_image_as_pattern=&#8221;without_pattern&#8221;][vc_column][vc_empty_space height=&#8221;100px&#8221;][\/vc_column][\/vc_row][vc_row css_animation=&#8221;&#8221; row_type=&#8221;row&#8221; use_row_as_full_screen_section=&#8221;no&#8221; type=&#8221;full_width&#8221; angled_section=&#8221;no&#8221; text_align=&#8221;left&#8221; background_image_as_pattern=&#8221;without_pattern&#8221;][vc_column offset=&#8221;vc_hidden-lg&#8221;][vc_row_inner row_type=&#8221;row&#8221; type=&#8221;grid&#8221; text_align=&#8221;left&#8221; css_animation=&#8221;&#8221;][vc_column_inner][vc_column_text]<\/p>\n<h5><span style=\"color: #cba884;\">Cl\u00ednica Sominus<\/span><\/h5>\n<p>[\/vc_column_text][vc_empty_space height=&#8221;8px&#8221;][vc_column_text]<\/p>\n<h3>A Cl\u00ednica do Sono Mais Moderna do Vale do Para\u00edba<\/h3>\n<p>[\/vc_column_text][vc_empty_space][vc_video link=&#8221;https:\/\/www.youtube.com\/watch?v=5MFClEAAdkw&#8221; align=&#8221;center&#8221;][vc_empty_space][vc_gallery type=&#8221;image_grid&#8221; images=&#8221;683,699,698,697,696,695,694,693,692,691,687,686,685,684&#8243; column_number=&#8221;2&#8243; grayscale=&#8221;no&#8221; images_space=&#8221;gallery_with_space&#8221;][\/vc_column_inner][\/vc_row_inner][\/vc_column][\/vc_row][vc_row css_animation=&#8221;&#8221; row_type=&#8221;row&#8221; use_row_as_full_screen_section=&#8221;no&#8221; type=&#8221;full_width&#8221; angled_section=&#8221;no&#8221; text_align=&#8221;left&#8221; background_image_as_pattern=&#8221;without_pattern&#8221;][vc_column offset=&#8221;vc_hidden-md vc_hidden-sm vc_hidden-xs&#8221;][vc_row_inner row_type=&#8221;row&#8221; type=&#8221;grid&#8221; text_align=&#8221;left&#8221; css_animation=&#8221;&#8221;][vc_column_inner width=&#8221;1\/2&#8243;][vc_column_text]<\/p>\n<h5><span style=\"color: #cba884;\">Cl\u00ednica Sominus<\/span><\/h5>\n<p>[\/vc_column_text][vc_empty_space height=&#8221;8px&#8221;][vc_column_text]<\/p>\n<h3>A Cl\u00ednica do Sono Mais Moderna do Vale do Para\u00edba<\/h3>\n<p>[\/vc_column_text][vc_empty_space][vc_column_text]<iframe loading=\"lazy\" title=\"YouTube video player\" src=\"https:\/\/www.youtube.com\/embed\/5MFClEAAdkw\" width=\"560\" height=\"315\" frameborder=\"0\" allowfullscreen=\"allowfullscreen\"><\/iframe>[\/vc_column_text][\/vc_column_inner][vc_column_inner width=&#8221;1\/2&#8243;]<div class=\"qode-advanced-image-gallery  qode-aig-grid-type qode-tiny-space  qode-image-behavior-lightbox \">\n\t<div class=\"qode-aig-inner qode-outer-space qode-aig-grid qode-aig-three-columns\">\n\t\t\t\t\t<div class=\"qode-aig-image qode-item-space\">\n\t\t\t\t<div class=\"qode-aig-image-inner\">\n\t\t\t\t\t\t\t\t\t\t\t<a itemprop=\"image\" class=\"qode-aig-lightbox\" href=\"https:\/\/sominus.com.br\/apneia-dradenise\/wp-content\/uploads\/2021\/09\/1.jpg\" data-rel=\"prettyPhoto[image_gallery_pretty_photo-640]\" title=\"1\">\n\t\t\t\t\t\t\t\t\t\t\t<img loading=\"lazy\" decoding=\"async\" width=\"150\" height=\"150\" src=\"https:\/\/sominus.com.br\/apneia-dradenise\/wp-content\/uploads\/2021\/09\/1-150x150.jpg\" class=\"attachment-thumbnail size-thumbnail\" alt=\"\" srcset=\"https:\/\/sominus.com.br\/apneia-dradenise\/wp-content\/uploads\/2021\/09\/1-150x150.jpg 150w, https:\/\/sominus.com.br\/apneia-dradenise\/wp-content\/uploads\/2021\/09\/1-570x570.jpg 570w, https:\/\/sominus.com.br\/apneia-dradenise\/wp-content\/uploads\/2021\/09\/1-600x600.jpg 600w, https:\/\/sominus.com.br\/apneia-dradenise\/wp-content\/uploads\/2021\/09\/1-500x500.jpg 500w\" sizes=\"auto, (max-width: 150px) 100vw, 150px\" \/>\t\t\t\t\t\t<span class=\"aig-gallery-hover\">\n\t\t\t\t\t\t\t\t\t\t\t\t\t<\/span>\n\t\t\t\t\t\t\t\t\t\t\t<\/a>\n\t\t\t\t\t\t\t\t\t<\/div>\n\t\t\t<\/div>\n\t\t\t\t\t<div class=\"qode-aig-image qode-item-space\">\n\t\t\t\t<div class=\"qode-aig-image-inner\">\n\t\t\t\t\t\t\t\t\t\t\t<a itemprop=\"image\" class=\"qode-aig-lightbox\" href=\"https:\/\/sominus.com.br\/apneia-dradenise\/wp-content\/uploads\/2021\/09\/2.jpg\" data-rel=\"prettyPhoto[image_gallery_pretty_photo-640]\" title=\"2\">\n\t\t\t\t\t\t\t\t\t\t\t<img loading=\"lazy\" decoding=\"async\" width=\"150\" height=\"150\" src=\"https:\/\/sominus.com.br\/apneia-dradenise\/wp-content\/uploads\/2021\/09\/2-150x150.jpg\" class=\"attachment-thumbnail size-thumbnail\" alt=\"\" srcset=\"https:\/\/sominus.com.br\/apneia-dradenise\/wp-content\/uploads\/2021\/09\/2-150x150.jpg 150w, https:\/\/sominus.com.br\/apneia-dradenise\/wp-content\/uploads\/2021\/09\/2-570x570.jpg 570w, https:\/\/sominus.com.br\/apneia-dradenise\/wp-content\/uploads\/2021\/09\/2-600x600.jpg 600w, https:\/\/sominus.com.br\/apneia-dradenise\/wp-content\/uploads\/2021\/09\/2-500x500.jpg 500w\" sizes=\"auto, (max-width: 150px) 100vw, 150px\" \/>\t\t\t\t\t\t<span class=\"aig-gallery-hover\">\n\t\t\t\t\t\t\t\t\t\t\t\t\t<\/span>\n\t\t\t\t\t\t\t\t\t\t\t<\/a>\n\t\t\t\t\t\t\t\t\t<\/div>\n\t\t\t<\/div>\n\t\t\t\t\t<div class=\"qode-aig-image qode-item-space\">\n\t\t\t\t<div class=\"qode-aig-image-inner\">\n\t\t\t\t\t\t\t\t\t\t\t<a itemprop=\"image\" class=\"qode-aig-lightbox\" href=\"https:\/\/sominus.com.br\/apneia-dradenise\/wp-content\/uploads\/2021\/09\/4b.jpg\" data-rel=\"prettyPhoto[image_gallery_pretty_photo-640]\" title=\"4b\">\n\t\t\t\t\t\t\t\t\t\t\t<img loading=\"lazy\" decoding=\"async\" width=\"150\" height=\"150\" src=\"https:\/\/sominus.com.br\/apneia-dradenise\/wp-content\/uploads\/2021\/09\/4b-150x150.jpg\" class=\"attachment-thumbnail size-thumbnail\" alt=\"\" srcset=\"https:\/\/sominus.com.br\/apneia-dradenise\/wp-content\/uploads\/2021\/09\/4b-150x150.jpg 150w, https:\/\/sominus.com.br\/apneia-dradenise\/wp-content\/uploads\/2021\/09\/4b-570x570.jpg 570w, https:\/\/sominus.com.br\/apneia-dradenise\/wp-content\/uploads\/2021\/09\/4b-600x600.jpg 600w, https:\/\/sominus.com.br\/apneia-dradenise\/wp-content\/uploads\/2021\/09\/4b-500x500.jpg 500w\" sizes=\"auto, (max-width: 150px) 100vw, 150px\" \/>\t\t\t\t\t\t<span class=\"aig-gallery-hover\">\n\t\t\t\t\t\t\t\t\t\t\t\t\t<\/span>\n\t\t\t\t\t\t\t\t\t\t\t<\/a>\n\t\t\t\t\t\t\t\t\t<\/div>\n\t\t\t<\/div>\n\t\t\t\t\t<div class=\"qode-aig-image qode-item-space\">\n\t\t\t\t<div class=\"qode-aig-image-inner\">\n\t\t\t\t\t\t\t\t\t\t\t<a itemprop=\"image\" class=\"qode-aig-lightbox\" href=\"https:\/\/sominus.com.br\/apneia-dradenise\/wp-content\/uploads\/2021\/09\/8.jpg\" data-rel=\"prettyPhoto[image_gallery_pretty_photo-640]\" title=\"8\">\n\t\t\t\t\t\t\t\t\t\t\t<img loading=\"lazy\" decoding=\"async\" width=\"150\" height=\"150\" src=\"https:\/\/sominus.com.br\/apneia-dradenise\/wp-content\/uploads\/2021\/09\/8-150x150.jpg\" class=\"attachment-thumbnail size-thumbnail\" alt=\"\" srcset=\"https:\/\/sominus.com.br\/apneia-dradenise\/wp-content\/uploads\/2021\/09\/8-150x150.jpg 150w, https:\/\/sominus.com.br\/apneia-dradenise\/wp-content\/uploads\/2021\/09\/8-570x570.jpg 570w, https:\/\/sominus.com.br\/apneia-dradenise\/wp-content\/uploads\/2021\/09\/8-600x600.jpg 600w, https:\/\/sominus.com.br\/apneia-dradenise\/wp-content\/uploads\/2021\/09\/8-500x500.jpg 500w\" sizes=\"auto, (max-width: 150px) 100vw, 150px\" \/>\t\t\t\t\t\t<span class=\"aig-gallery-hover\">\n\t\t\t\t\t\t\t\t\t\t\t\t\t<\/span>\n\t\t\t\t\t\t\t\t\t\t\t<\/a>\n\t\t\t\t\t\t\t\t\t<\/div>\n\t\t\t<\/div>\n\t\t\t\t\t<div class=\"qode-aig-image qode-item-space\">\n\t\t\t\t<div class=\"qode-aig-image-inner\">\n\t\t\t\t\t\t\t\t\t\t\t<a itemprop=\"image\" class=\"qode-aig-lightbox\" href=\"https:\/\/sominus.com.br\/apneia-dradenise\/wp-content\/uploads\/2021\/09\/4a.jpg\" data-rel=\"prettyPhoto[image_gallery_pretty_photo-640]\" title=\"4a\">\n\t\t\t\t\t\t\t\t\t\t\t<img loading=\"lazy\" decoding=\"async\" width=\"150\" height=\"150\" src=\"https:\/\/sominus.com.br\/apneia-dradenise\/wp-content\/uploads\/2021\/09\/4a-150x150.jpg\" class=\"attachment-thumbnail size-thumbnail\" alt=\"\" srcset=\"https:\/\/sominus.com.br\/apneia-dradenise\/wp-content\/uploads\/2021\/09\/4a-150x150.jpg 150w, https:\/\/sominus.com.br\/apneia-dradenise\/wp-content\/uploads\/2021\/09\/4a-570x570.jpg 570w, https:\/\/sominus.com.br\/apneia-dradenise\/wp-content\/uploads\/2021\/09\/4a-600x600.jpg 600w, https:\/\/sominus.com.br\/apneia-dradenise\/wp-content\/uploads\/2021\/09\/4a-500x500.jpg 500w\" sizes=\"auto, (max-width: 150px) 100vw, 150px\" \/>\t\t\t\t\t\t<span class=\"aig-gallery-hover\">\n\t\t\t\t\t\t\t\t\t\t\t\t\t<\/span>\n\t\t\t\t\t\t\t\t\t\t\t<\/a>\n\t\t\t\t\t\t\t\t\t<\/div>\n\t\t\t<\/div>\n\t\t\t\t\t<div class=\"qode-aig-image qode-item-space\">\n\t\t\t\t<div class=\"qode-aig-image-inner\">\n\t\t\t\t\t\t\t\t\t\t\t<a itemprop=\"image\" class=\"qode-aig-lightbox\" href=\"https:\/\/sominus.com.br\/apneia-dradenise\/wp-content\/uploads\/2021\/09\/Clinica-Sominus-Quarto-3-78-1.jpg\" data-rel=\"prettyPhoto[image_gallery_pretty_photo-640]\" title=\"Clinica-Sominus-Quarto-3-78-1\">\n\t\t\t\t\t\t\t\t\t\t\t<img loading=\"lazy\" decoding=\"async\" width=\"150\" height=\"150\" src=\"https:\/\/sominus.com.br\/apneia-dradenise\/wp-content\/uploads\/2021\/09\/Clinica-Sominus-Quarto-3-78-1-150x150.jpg\" class=\"attachment-thumbnail size-thumbnail\" alt=\"\" srcset=\"https:\/\/sominus.com.br\/apneia-dradenise\/wp-content\/uploads\/2021\/09\/Clinica-Sominus-Quarto-3-78-1-150x150.jpg 150w, https:\/\/sominus.com.br\/apneia-dradenise\/wp-content\/uploads\/2021\/09\/Clinica-Sominus-Quarto-3-78-1-570x570.jpg 570w, https:\/\/sominus.com.br\/apneia-dradenise\/wp-content\/uploads\/2021\/09\/Clinica-Sominus-Quarto-3-78-1-600x600.jpg 600w, https:\/\/sominus.com.br\/apneia-dradenise\/wp-content\/uploads\/2021\/09\/Clinica-Sominus-Quarto-3-78-1-500x500.jpg 500w\" sizes=\"auto, (max-width: 150px) 100vw, 150px\" \/>\t\t\t\t\t\t<span class=\"aig-gallery-hover\">\n\t\t\t\t\t\t\t\t\t\t\t\t\t<\/span>\n\t\t\t\t\t\t\t\t\t\t\t<\/a>\n\t\t\t\t\t\t\t\t\t<\/div>\n\t\t\t<\/div>\n\t\t\t\t\t<div class=\"qode-aig-image qode-item-space\">\n\t\t\t\t<div class=\"qode-aig-image-inner\">\n\t\t\t\t\t\t\t\t\t\t\t<a itemprop=\"image\" class=\"qode-aig-lightbox\" href=\"https:\/\/sominus.com.br\/apneia-dradenise\/wp-content\/uploads\/2021\/09\/Clinica-Sominus-Quarto-4-75-1.jpg\" data-rel=\"prettyPhoto[image_gallery_pretty_photo-640]\" title=\"Clinica-Sominus-Quarto-4-75-1\">\n\t\t\t\t\t\t\t\t\t\t\t<img loading=\"lazy\" decoding=\"async\" width=\"150\" height=\"150\" src=\"https:\/\/sominus.com.br\/apneia-dradenise\/wp-content\/uploads\/2021\/09\/Clinica-Sominus-Quarto-4-75-1-150x150.jpg\" class=\"attachment-thumbnail size-thumbnail\" alt=\"\" srcset=\"https:\/\/sominus.com.br\/apneia-dradenise\/wp-content\/uploads\/2021\/09\/Clinica-Sominus-Quarto-4-75-1-150x150.jpg 150w, https:\/\/sominus.com.br\/apneia-dradenise\/wp-content\/uploads\/2021\/09\/Clinica-Sominus-Quarto-4-75-1-570x570.jpg 570w, https:\/\/sominus.com.br\/apneia-dradenise\/wp-content\/uploads\/2021\/09\/Clinica-Sominus-Quarto-4-75-1-600x600.jpg 600w, https:\/\/sominus.com.br\/apneia-dradenise\/wp-content\/uploads\/2021\/09\/Clinica-Sominus-Quarto-4-75-1-500x500.jpg 500w\" sizes=\"auto, (max-width: 150px) 100vw, 150px\" \/>\t\t\t\t\t\t<span class=\"aig-gallery-hover\">\n\t\t\t\t\t\t\t\t\t\t\t\t\t<\/span>\n\t\t\t\t\t\t\t\t\t\t\t<\/a>\n\t\t\t\t\t\t\t\t\t<\/div>\n\t\t\t<\/div>\n\t\t\t\t\t<div class=\"qode-aig-image qode-item-space\">\n\t\t\t\t<div class=\"qode-aig-image-inner\">\n\t\t\t\t\t\t\t\t\t\t\t<a itemprop=\"image\" class=\"qode-aig-lightbox\" href=\"https:\/\/sominus.com.br\/apneia-dradenise\/wp-content\/uploads\/2021\/09\/Clinica-Sominus-Recepcao-19-1.jpg\" data-rel=\"prettyPhoto[image_gallery_pretty_photo-640]\" title=\"Clinica-Sominus-Recepcao-19-1\">\n\t\t\t\t\t\t\t\t\t\t\t<img loading=\"lazy\" decoding=\"async\" width=\"150\" height=\"150\" src=\"https:\/\/sominus.com.br\/apneia-dradenise\/wp-content\/uploads\/2021\/09\/Clinica-Sominus-Recepcao-19-1-150x150.jpg\" class=\"attachment-thumbnail size-thumbnail\" alt=\"\" srcset=\"https:\/\/sominus.com.br\/apneia-dradenise\/wp-content\/uploads\/2021\/09\/Clinica-Sominus-Recepcao-19-1-150x150.jpg 150w, https:\/\/sominus.com.br\/apneia-dradenise\/wp-content\/uploads\/2021\/09\/Clinica-Sominus-Recepcao-19-1-570x570.jpg 570w, https:\/\/sominus.com.br\/apneia-dradenise\/wp-content\/uploads\/2021\/09\/Clinica-Sominus-Recepcao-19-1-600x600.jpg 600w, https:\/\/sominus.com.br\/apneia-dradenise\/wp-content\/uploads\/2021\/09\/Clinica-Sominus-Recepcao-19-1-500x500.jpg 500w\" sizes=\"auto, (max-width: 150px) 100vw, 150px\" \/>\t\t\t\t\t\t<span class=\"aig-gallery-hover\">\n\t\t\t\t\t\t\t\t\t\t\t\t\t<\/span>\n\t\t\t\t\t\t\t\t\t\t\t<\/a>\n\t\t\t\t\t\t\t\t\t<\/div>\n\t\t\t<\/div>\n\t\t\t\t\t<div class=\"qode-aig-image qode-item-space\">\n\t\t\t\t<div class=\"qode-aig-image-inner\">\n\t\t\t\t\t\t\t\t\t\t\t<a itemprop=\"image\" class=\"qode-aig-lightbox\" href=\"https:\/\/sominus.com.br\/apneia-dradenise\/wp-content\/uploads\/2021\/09\/Clinica-Sominus-Quarto-1-37-1.jpg\" data-rel=\"prettyPhoto[image_gallery_pretty_photo-640]\" title=\"Clinica-Sominus-Quarto-1-37-1\">\n\t\t\t\t\t\t\t\t\t\t\t<img loading=\"lazy\" decoding=\"async\" width=\"150\" height=\"150\" src=\"https:\/\/sominus.com.br\/apneia-dradenise\/wp-content\/uploads\/2021\/09\/Clinica-Sominus-Quarto-1-37-1-150x150.jpg\" class=\"attachment-thumbnail size-thumbnail\" alt=\"\" srcset=\"https:\/\/sominus.com.br\/apneia-dradenise\/wp-content\/uploads\/2021\/09\/Clinica-Sominus-Quarto-1-37-1-150x150.jpg 150w, https:\/\/sominus.com.br\/apneia-dradenise\/wp-content\/uploads\/2021\/09\/Clinica-Sominus-Quarto-1-37-1-570x570.jpg 570w, https:\/\/sominus.com.br\/apneia-dradenise\/wp-content\/uploads\/2021\/09\/Clinica-Sominus-Quarto-1-37-1-600x600.jpg 600w, https:\/\/sominus.com.br\/apneia-dradenise\/wp-content\/uploads\/2021\/09\/Clinica-Sominus-Quarto-1-37-1-500x500.jpg 500w\" sizes=\"auto, (max-width: 150px) 100vw, 150px\" \/>\t\t\t\t\t\t<span class=\"aig-gallery-hover\">\n\t\t\t\t\t\t\t\t\t\t\t\t\t<\/span>\n\t\t\t\t\t\t\t\t\t\t\t<\/a>\n\t\t\t\t\t\t\t\t\t<\/div>\n\t\t\t<\/div>\n\t\t\t<\/div>\n<\/div>[\/vc_column_inner][\/vc_row_inner][\/vc_column][\/vc_row][vc_row css_animation=&#8221;&#8221; row_type=&#8221;row&#8221; use_row_as_full_screen_section=&#8221;no&#8221; type=&#8221;full_width&#8221; angled_section=&#8221;no&#8221; text_align=&#8221;left&#8221; background_image_as_pattern=&#8221;without_pattern&#8221;][vc_column][vc_empty_space height=&#8221;100px&#8221;][\/vc_column][\/vc_row][vc_row css_animation=&#8221;&#8221; row_type=&#8221;row&#8221; use_row_as_full_screen_section=&#8221;no&#8221; type=&#8221;full_width&#8221; angled_section=&#8221;no&#8221; text_align=&#8221;left&#8221; background_image_as_pattern=&#8221;without_pattern&#8221; z_index=&#8221;&#8221;][vc_column css=&#8221;.vc_custom_1631842109067{background-image: url(https:\/\/sominus.com.br\/insonia-dradenise\/wp-content\/uploads\/2021\/06\/BG-CTA.jpg?id=446) !important;}&#8221; offset=&#8221;vc_hidden-md vc_hidden-sm vc_hidden-xs&#8221;][vc_row_inner row_type=&#8221;row&#8221; type=&#8221;grid&#8221; text_align=&#8221;left&#8221; css_animation=&#8221;&#8221;][vc_column_inner][vc_empty_space height=&#8221;50px&#8221;][vc_column_text]<\/p>\n<h2 style=\"text-align: center;\"><span style=\"color: #ffffff;\"><span style=\"color: #cba884;\">Confira mais conte\u00fados<\/span><\/span> <span style=\"color: #ffffff;\">para te ajudar com o Ronco e a Apneia do Sono!<\/span><\/h2>\n<p>[\/vc_column_text][vc_empty_space height=&#8221;50px&#8221;][\/vc_column_inner][\/vc_row_inner][vc_row_inner row_type=&#8221;row&#8221; type=&#8221;grid&#8221; text_align=&#8221;left&#8221; css_animation=&#8221;&#8221;][vc_column_inner width=&#8221;1\/2&#8243;][vc_column_text]<iframe loading=\"lazy\" title=\"YouTube video player\" src=\"https:\/\/www.youtube.com\/embed\/4XIL_eHxc_s\" width=\"560\" height=\"315\" frameborder=\"0\" allowfullscreen=\"allowfullscreen\"><\/iframe>[\/vc_column_text][\/vc_column_inner][vc_column_inner width=&#8221;1\/2&#8243;][vc_column_text]<iframe loading=\"lazy\" title=\"YouTube video player\" src=\"https:\/\/www.youtube.com\/embed\/ArRs4_SE7yE\" width=\"560\" height=\"315\" frameborder=\"0\" allowfullscreen=\"allowfullscreen\"><\/iframe>[\/vc_column_text][\/vc_column_inner][\/vc_row_inner][vc_empty_space height=&#8221;100px&#8221;][\/vc_column][\/vc_row][vc_row css_animation=&#8221;&#8221; row_type=&#8221;row&#8221; use_row_as_full_screen_section=&#8221;no&#8221; type=&#8221;full_width&#8221; angled_section=&#8221;no&#8221; text_align=&#8221;left&#8221; background_image_as_pattern=&#8221;without_pattern&#8221; z_index=&#8221;&#8221;][vc_column css=&#8221;.vc_custom_1631842115587{background-image: url(https:\/\/sominus.com.br\/insonia-dradenise\/wp-content\/uploads\/2021\/06\/BG-CTA.jpg?id=446) !important;}&#8221; offset=&#8221;vc_hidden-lg&#8221;][vc_row_inner row_type=&#8221;row&#8221; type=&#8221;grid&#8221; text_align=&#8221;left&#8221; css_animation=&#8221;&#8221;][vc_column_inner][vc_empty_space height=&#8221;50px&#8221;][vc_column_text]<\/p>\n<h2 style=\"text-align: center;\"><span style=\"color: #ffffff;\"><span style=\"color: #cba884;\">Confira mais conte\u00fados<\/span><\/span> <span style=\"color: #ffffff;\">para te ajudar com o Ronco e Apneia do Sono!<\/span><\/h2>\n<p>[\/vc_column_text][vc_empty_space height=&#8221;50px&#8221;][\/vc_column_inner][\/vc_row_inner][vc_video link=&#8221;https:\/\/www.youtube.com\/watch?v=4XIL_eHxc_s&#8221; align=&#8221;center&#8221;][vc_empty_space height=&#8221;50px&#8221;][vc_video link=&#8221;https:\/\/www.youtube.com\/watch?v=ArRs4_SE7yE&#8221; align=&#8221;center&#8221;][vc_empty_space height=&#8221;100px&#8221;][\/vc_column][\/vc_row][vc_row css_animation=&#8221;&#8221; row_type=&#8221;row&#8221; use_row_as_full_screen_section=&#8221;no&#8221; type=&#8221;full_width&#8221; angled_section=&#8221;no&#8221; text_align=&#8221;left&#8221; background_image_as_pattern=&#8221;without_pattern&#8221;][vc_column offset=&#8221;vc_hidden-md vc_hidden-sm vc_hidden-xs&#8221;][vc_empty_space height=&#8221;100px&#8221;][vc_row_inner row_type=&#8221;row&#8221; type=&#8221;grid&#8221; text_align=&#8221;center&#8221; css_animation=&#8221;&#8221;][vc_column_inner width=&#8221;1\/3&#8243;]<span data-type=\"circle\" data-hover-bg-color=\"#cba884\"  class=\"qode_icon_shortcode fa-stack q_font_awsome_icon_stack fa-2x pull-center \" style=\" \"><i class=\"fa fa-circle fa-stack-base fa-stack-2x\" style=\"color: #002859;\"><\/i><i class=\"qode_icon_font_awesome fa fa-map-marker qode_icon_element fa-stack-1x\" style=\"color: #ffffff;\" ><\/i><\/span>[vc_empty_space height=&#8221;21px&#8221;][vc_single_image image=&#8221;780&#8243; img_size=&#8221;full&#8221; alignment=&#8221;center&#8221; qode_css_animation=&#8221;&#8221;][vc_empty_space height=&#8221;21px&#8221;][vc_column_text]<\/p>\n<h4>Unidade 1 &#8211; Cl\u00ednica Otorrino e Sono<\/h4>\n<h6><span style=\"color: #808080;\">(Pr\u00f3ximo ao Hospital Regional)<\/span><\/h6>\n<p>[\/vc_column_text][vc_empty_space height=&#8221;21px&#8221;][vc_column_text]<\/p>\n<p style=\"text-align: center;\">Av. Tiradentes, 223,<\/p>\n<p style=\"text-align: center;\">Jardim das Na\u00e7\u00f5es,<\/p>\n<p style=\"text-align: center;\">CEP 12030-180, Taubat\u00e9 \u2013 SP.<\/p>\n<p>[\/vc_column_text][\/vc_column_inner][vc_column_inner width=&#8221;1\/3&#8243;]<span data-type=\"circle\" data-hover-bg-color=\"#cba884\"  class=\"qode_icon_shortcode fa-stack q_font_awsome_icon_stack fa-2x pull-center \" style=\" \"><i class=\"fa fa-circle fa-stack-base fa-stack-2x\" style=\"color: #002859;\"><\/i><i class=\"qode_icon_font_awesome fa fa-map-marker qode_icon_element fa-stack-1x\" style=\"color: #ffffff;\" ><\/i><\/span>[vc_empty_space height=&#8221;21px&#8221;][vc_single_image image=&#8221;775&#8243; img_size=&#8221;full&#8221; alignment=&#8221;center&#8221; qode_css_animation=&#8221;&#8221;][vc_empty_space height=&#8221;21px&#8221;][vc_column_text]<\/p>\n<h4>Unidade 2 &#8211; Cl\u00ednica Sominus<\/h4>\n<p>[\/vc_column_text][vc_empty_space height=&#8221;21px&#8221;][vc_column_text]<\/p>\n<p style=\"text-align: center;\">Rua Marechal Arthur da Costa e Silva, 1302<\/p>\n<p style=\"text-align: center;\">Santa Luzia,<\/p>\n<p style=\"text-align: center;\">CEP 12030-810, Taubat\u00e9 \u2013 SP.<\/p>\n<p>[\/vc_column_text][\/vc_column_inner][vc_column_inner width=&#8221;1\/3&#8243;]<span data-type=\"circle\" data-hover-bg-color=\"#cba884\"  class=\"qode_icon_shortcode fa-stack q_font_awsome_icon_stack fa-2x pull-center \" style=\" \"><i class=\"fa fa-circle fa-stack-base fa-stack-2x\" style=\"color: #002859;\"><\/i><i class=\"qode_icon_font_awesome fa fa-map-marker qode_icon_element fa-stack-1x\" style=\"color: #ffffff;\" ><\/i><\/span>[vc_empty_space height=&#8221;21px&#8221;][vc_column_text]<\/p>\n<h4>Em breve nova sede<\/h4>\n<p>[\/vc_column_text][vc_empty_space height=&#8221;21px&#8221;][vc_column_text]<\/p>\n<p style=\"text-align: center;\">Rua Col\u00f4mbia, 168,<\/p>\n<p style=\"text-align: center;\">Jardim das Na\u00e7\u00f5es,<\/p>\n<p style=\"text-align: center;\">CEP 12030-520, Taubat\u00e9 \u2013 SP<\/p>\n<p>[\/vc_column_text][\/vc_column_inner][\/vc_row_inner][vc_empty_space height=&#8221;100px&#8221;][\/vc_column][\/vc_row][vc_row css_animation=&#8221;&#8221; row_type=&#8221;row&#8221; use_row_as_full_screen_section=&#8221;no&#8221; type=&#8221;full_width&#8221; angled_section=&#8221;no&#8221; text_align=&#8221;left&#8221; background_image_as_pattern=&#8221;without_pattern&#8221;][vc_column offset=&#8221;vc_hidden-lg&#8221;][vc_row_inner row_type=&#8221;row&#8221; type=&#8221;grid&#8221; text_align=&#8221;center&#8221; css_animation=&#8221;&#8221;][vc_column_inner]<span data-type=\"circle\" data-hover-bg-color=\"#cba884\"  class=\"qode_icon_shortcode fa-stack q_font_awsome_icon_stack fa-2x pull-center \" style=\" \"><i class=\"fa fa-circle fa-stack-base fa-stack-2x\" style=\"color: #002859;\"><\/i><i class=\"qode_icon_font_awesome fa fa-map-marker qode_icon_element fa-stack-1x\" style=\"color: #ffffff;\" ><\/i><\/span>[vc_empty_space height=&#8221;21px&#8221;][vc_single_image image=&#8221;780&#8243; img_size=&#8221;full&#8221; alignment=&#8221;center&#8221; qode_css_animation=&#8221;&#8221;][vc_empty_space height=&#8221;21px&#8221;][vc_column_text]<\/p>\n<h4>Unidade 1 &#8211; Cl\u00ednica Otorrino e Sono<\/h4>\n<h5><span style=\"color: #808080;\">(Pr\u00f3ximo ao Hospital Regional)<\/span><\/h5>\n<p>[\/vc_column_text][vc_empty_space height=&#8221;21px&#8221;][vc_column_text]<\/p>\n<p style=\"text-align: center;\">Av. Tiradentes, 223,<\/p>\n<p style=\"text-align: center;\">Jardim das Na\u00e7\u00f5es,<\/p>\n<p style=\"text-align: center;\">CEP 12030-180, Taubat\u00e9 \u2013 SP.<\/p>\n<p>[\/vc_column_text][vc_empty_space]<span data-type=\"circle\" data-hover-bg-color=\"#cba884\"  class=\"qode_icon_shortcode fa-stack q_font_awsome_icon_stack fa-2x pull-center \" style=\" \"><i class=\"fa fa-circle fa-stack-base fa-stack-2x\" style=\"color: #002859;\"><\/i><i class=\"qode_icon_font_awesome fa fa-map-marker qode_icon_element fa-stack-1x\" style=\"color: #ffffff;\" ><\/i><\/span>[vc_empty_space height=&#8221;21px&#8221;][vc_single_image image=&#8221;775&#8243; img_size=&#8221;full&#8221; alignment=&#8221;center&#8221; qode_css_animation=&#8221;&#8221;][vc_empty_space height=&#8221;21px&#8221;][vc_column_text]<\/p>\n<h4>Unidade 2 &#8211; Cl\u00ednica Sominus<\/h4>\n<p>[\/vc_column_text][vc_empty_space height=&#8221;21px&#8221;][vc_column_text]<\/p>\n<p style=\"text-align: center;\">Rua Marechal Arthur da Costa e Silva, 1302<\/p>\n<p style=\"text-align: center;\">Santa Luzia,<\/p>\n<p style=\"text-align: center;\">CEP 12030-810, Taubat\u00e9 \u2013 SP.<\/p>\n<p>[\/vc_column_text][vc_empty_space]<span data-type=\"circle\" data-hover-bg-color=\"#cba884\"  class=\"qode_icon_shortcode fa-stack q_font_awsome_icon_stack fa-2x pull-center \" style=\" \"><i class=\"fa fa-circle fa-stack-base fa-stack-2x\" style=\"color: #002859;\"><\/i><i class=\"qode_icon_font_awesome fa fa-map-marker qode_icon_element fa-stack-1x\" style=\"color: #ffffff;\" ><\/i><\/span>[vc_empty_space height=&#8221;21px&#8221;][vc_column_text]<\/p>\n<h4>Em breve nova sede<\/h4>\n<p>[\/vc_column_text][vc_empty_space height=&#8221;21px&#8221;][vc_column_text]<\/p>\n<p style=\"text-align: center;\">Rua Col\u00f4mbia, 168,<\/p>\n<p style=\"text-align: center;\">Jardim das Na\u00e7\u00f5es,<\/p>\n<p style=\"text-align: center;\">CEP 12030-520, Taubat\u00e9 \u2013 SP<\/p>\n<p>[\/vc_column_text][\/vc_column_inner][\/vc_row_inner][\/vc_column][\/vc_row]<\/p>\n","protected":false},"excerpt":{"rendered":"<p>[vc_row css_animation=&#8221;&#8221; row_type=&#8221;row&#8221; use_row_as_full_screen_section=&#8221;no&#8221; type=&#8221;full_width&#8221; angled_section=&#8221;no&#8221; text_align=&#8221;left&#8221; background_image_as_pattern=&#8221;without_pattern&#8221;][vc_column offset=&#8221;vc_hidden-lg vc_hidden-md vc_hidden-sm&#8221;][vc_row_inner row_type=&#8221;row&#8221; type=&#8221;grid&#8221; text_align=&#8221;center&#8221; css_animation=&#8221;&#8221;][vc_column_inner][vc_empty_space height=&#8221;52px&#8221;][vc_single_image image=&#8221;911&#8243; img_size=&#8221;full&#8221; qode_css_animation=&#8221;&#8221;][vc_empty_space][vc_single_image image=&#8221;704&#8243; img_size=&#8221;full&#8221; qode_css_animation=&#8221;&#8221;][vc_empty_space][vc_single_image image=&#8221;912&#8243; img_size=&#8221;full&#8221; qode_css_animation=&#8221;&#8221;][vc_empty_space][vc_empty_space][vc_single_image image=&#8221;915&#8243; img_size=&#8221;full&#8221; qode_css_animation=&#8221;&#8221;][vc_empty_space][\/vc_column_inner][\/vc_row_inner][\/vc_column][\/vc_row][vc_row css_animation=&#8221;&#8221; row_type=&#8221;row&#8221; use_row_as_full_screen_section=&#8221;no&#8221; type=&#8221;full_width&#8221; angled_section=&#8221;no&#8221; text_align=&#8221;left&#8221; background_image_as_pattern=&#8221;without_pattern&#8221;][vc_column offset=&#8221;vc_hidden-md vc_hidden-sm vc_hidden-xs&#8221; css=&#8221;.vc_custom_1627314116813{padding-bottom: 60px !important;background-image: url(http:\/\/sominus.com.br\/apneia-dradenise\/wp-content\/uploads\/2021\/07\/BANNER-HOME-4.jpg?id=722) !important;}&#8221;][vc_empty_space height=&#8221;170px&#8221;][vc_row_inner row_type=&#8221;row&#8221;&#8230;<\/p>\n","protected":false},"author":1,"featured_media":0,"parent":0,"menu_order":0,"comment_status":"closed","ping_status":"closed","template":"full_width.php","meta":{"_mi_skip_tracking":false,"footnotes":""},"class_list":["post-359","page","type-page","status-publish","hentry"],"_links":{"self":[{"href":"https:\/\/sominus.com.br\/apneia-dradenise\/wp-json\/wp\/v2\/pages\/359","targetHints":{"allow":["GET"]}}],"collection":[{"href":"https:\/\/sominus.com.br\/apneia-dradenise\/wp-json\/wp\/v2\/pages"}],"about":[{"href":"https:\/\/sominus.com.br\/apneia-dradenise\/wp-json\/wp\/v2\/types\/page"}],"author":[{"embeddable":true,"href":"https:\/\/sominus.com.br\/apneia-dradenise\/wp-json\/wp\/v2\/users\/1"}],"replies":[{"embeddable":true,"href":"https:\/\/sominus.com.br\/apneia-dradenise\/wp-json\/wp\/v2\/comments?post=359"}],"version-history":[{"count":352,"href":"https:\/\/sominus.com.br\/apneia-dradenise\/wp-json\/wp\/v2\/pages\/359\/revisions"}],"predecessor-version":[{"id":954,"href":"https:\/\/sominus.com.br\/apneia-dradenise\/wp-json\/wp\/v2\/pages\/359\/revisions\/954"}],"wp:attachment":[{"href":"https:\/\/sominus.com.br\/apneia-dradenise\/wp-json\/wp\/v2\/media?parent=359"}],"curies":[{"name":"wp","href":"https:\/\/api.w.org\/{rel}","templated":true}]}}